
{"id":343,"date":"2018-01-30T12:52:50","date_gmt":"2018-01-30T12:52:50","guid":{"rendered":"http:\/\/www.baque.com\/?page_id=343"},"modified":"2024-07-23T10:18:22","modified_gmt":"2024-07-23T08:18:22","slug":"fundacion-baque","status":"publish","type":"page","link":"https:\/\/www.baque.com\/es\/conocenos\/fundacion-baque\/","title":{"rendered":"Fundaci\u00f3n Baqu\u00e9"},"content":{"rendered":"<p><section  id='fundacion-baque' class='multicol'><div class='container'><br \/>\n<div class='col1'><img src='\/wp-content\/uploads\/2024\/07\/fundacion-baque.jpeg' class='bg withoutbgresp' alt='' \/><\/div><br \/>\n<div class='col4'><br \/>\n<p class='entradilla'>La Fundaci\u00f3n Baqu\u00e9 Fundazioa nace en el a\u00f1o 2001 con el fin de promocionar actividades culturales, deportivas y sociales llevadas a cabo por asociaciones sin \u00e1nimo de lucro y enfocadas principalmente en la transmisi\u00f3n de los valores del deporte a las personas j\u00f3venes.<\/p><\/p>\n<p class=\"text-left\">Asimismo, se intenta <strong>acercar nuestra cultura y nuestro idioma<\/strong>, al tiempo que se trabaja en <strong>ayudar a las personas m\u00e1s desfavorecidos de nuestra sociedad a trav\u00e9s de diversas acciones sociales<\/strong>.<\/p>\n<p class=\"text-left\">Aunque la Fundaci\u00f3n se crea en el a\u00f1o 2001, <strong>Caf\u00e9s Baqu\u00e9 acumula muchos a\u00f1os de patrocinios y colaboraciones en diferentes Clubes y Asociaciones<\/strong>.<\/p>\n<p class=\"text-left\">Ahora queremos hacer m\u00e1s grande este proyecto de futuro e incorporar a nuestra Fundaci\u00f3n nuevas empresas, instituciones y particulares para ofrecer a nuestra sociedad m\u00e1s proyectos, m\u00e1s ideas, m\u00e1s propuestas y <strong>dar a las personas j\u00f3venes en formaci\u00f3n un futuro basado en los valores de la solidaridad, el trabajo y el compromiso<\/strong>.<\/p>\n<h3>Conoce algunos de los proyectos en los que tomamos parte desde Fundaci\u00f3n Baqu\u00e9:<\/h3>\n<ul>\n<li>Colaboraci\u00f3n con el club de baloncesto Tabirako de Durango.<\/li>\n<li>Patrocinio del equipo ciclista Caf\u00e9s Baqu\u00e9.<\/li>\n<li>Patrocinador exclusivo del Torneo Baqu\u00e9 de pelota a mano.<\/li>\n<li>Colaboraci\u00f3n con el club de f\u00fatbol Sociedad Cultural Deportiva de Durango.<\/li>\n<li>Colaboraci\u00f3n con las fiestas de las Ikastolas.<\/li>\n<li>Apoyo a diferentes asociaciones culturales.<\/li>\n<li>Presencia en diversos proyectos de acci\u00f3n social.<\/li>\n<\/ul>\n<p><\/div><br \/>\n<\/div><\/section><br \/>\n<section  id='fundacion-baque-1' class='squares videophoto cols3 borderwhite borderwhitefooter'><br \/>\n<div  class='square nocontainer'>\n\t\t\t<img src='\/wp-content\/themes\/baque\/img\/images\/fundacion-baque-1.jpg' class='bg withoutbgresp' alt='' \/>\n\t\t\t\n\t\t\t<div class='container'>\n\t\t\t\t\n\t\t\t<\/div>\n\t\t<\/div><br \/>\n<div  class='square nocontainer'>\n\t\t\t<img src='\/wp-content\/themes\/baque\/img\/images\/fundacion-baque-2.jpg' class='bg withoutbgresp' alt='' \/>\n\t\t\t\n\t\t\t<div class='container'>\n\t\t\t\t\n\t\t\t<\/div>\n\t\t<\/div><br \/>\n<div  class='square nocontainer'>\n\t\t\t<img src='\/wp-content\/themes\/baque\/img\/images\/fundacion-baque-3.jpg' class='bg withoutbgresp' alt='' \/>\n\t\t\t\n\t\t\t<div class='container'>\n\t\t\t\t\n\t\t\t<\/div>\n\t\t<\/div><br \/>\n<\/section><\/p>\n","protected":false},"excerpt":{"rendered":"","protected":false},"author":1,"featured_media":0,"parent":338,"menu_order":20,"comment_status":"closed","ping_status":"closed","template":"","meta":{"_acf_changed":false,"footnotes":""},"class_list":["post-343","page","type-page","status-publish","hentry"],"acf":[],"yoast_head":"<!-- This site is optimized with the Yoast SEO plugin v27.3 - https:\/\/yoast.com\/product\/yoast-seo-wordpress\/ -->\n<title>Fundaci\u00f3n Baqu\u00e9 | Con\u00f3cenos | Caf\u00e9s Baqu\u00e9<\/title>\n<meta name=\"description\" content=\"La Fundaci\u00f3n Baqu\u00e9 Fundazioa lleva desde el a\u00f1o 2001 promocionando actividades culturales, deportivas y sociales llevadas a cabo por asociaciones sin \u00e1nimo de lucro y enfocadas principalmente en la transmisi\u00f3n de los valores del deporte a nuestros j\u00f3venes.\" \/>\n<meta name=\"robots\" content=\"index, follow, max-snippet:-1, max-image-preview:large, max-video-preview:-1\" \/>\n<meta property=\"og:locale\" content=\"es_ES\" \/>\n<meta property=\"og:type\" content=\"article\" \/>\n<meta property=\"og:title\" content=\"Fundaci\u00f3n Baqu\u00e9 | Con\u00f3cenos | Caf\u00e9s Baqu\u00e9\" \/>\n<meta property=\"og:description\" content=\"La Fundaci\u00f3n Baqu\u00e9 Fundazioa lleva desde el a\u00f1o 2001 promocionando actividades culturales, deportivas y sociales llevadas a cabo por asociaciones sin \u00e1nimo de lucro y enfocadas principalmente en la transmisi\u00f3n de los valores del deporte a nuestros j\u00f3venes.\" \/>\n<meta property=\"og:url\" content=\"https:\/\/www.baque.com\/es\/conocenos\/fundacion-baque\/\" \/>\n<meta property=\"og:site_name\" content=\"Caf\u00e9s Baqu\u00e9\" \/>\n<meta property=\"article:modified_time\" content=\"2024-07-23T08:18:22+00:00\" \/>\n<meta name=\"twitter:card\" content=\"summary_large_image\" \/>\n<meta name=\"twitter:label1\" content=\"Tiempo de lectura\" \/>\n\t<meta name=\"twitter:data1\" content=\"2 minutos\" \/>\n<script type=\"application\/ld+json\" class=\"yoast-schema-graph\">{\"@context\":\"https:\\\/\\\/schema.org\",\"@graph\":[{\"@type\":\"WebPage\",\"@id\":\"https:\\\/\\\/www.baque.com\\\/es\\\/conocenos\\\/fundacion-baque\\\/\",\"url\":\"https:\\\/\\\/www.baque.com\\\/es\\\/conocenos\\\/fundacion-baque\\\/\",\"name\":\"Fundaci\u00f3n Baqu\u00e9 | Con\u00f3cenos | Caf\u00e9s Baqu\u00e9\",\"isPartOf\":{\"@id\":\"https:\\\/\\\/www.baque.com\\\/es\\\/#website\"},\"datePublished\":\"2018-01-30T12:52:50+00:00\",\"dateModified\":\"2024-07-23T08:18:22+00:00\",\"description\":\"La Fundaci\u00f3n Baqu\u00e9 Fundazioa lleva desde el a\u00f1o 2001 promocionando actividades culturales, deportivas y sociales llevadas a cabo por asociaciones sin \u00e1nimo de lucro y enfocadas principalmente en la transmisi\u00f3n de los valores del deporte a nuestros j\u00f3venes.\",\"breadcrumb\":{\"@id\":\"https:\\\/\\\/www.baque.com\\\/es\\\/conocenos\\\/fundacion-baque\\\/#breadcrumb\"},\"inLanguage\":\"es\",\"potentialAction\":[{\"@type\":\"ReadAction\",\"target\":[\"https:\\\/\\\/www.baque.com\\\/es\\\/conocenos\\\/fundacion-baque\\\/\"]}]},{\"@type\":\"BreadcrumbList\",\"@id\":\"https:\\\/\\\/www.baque.com\\\/es\\\/conocenos\\\/fundacion-baque\\\/#breadcrumb\",\"itemListElement\":[{\"@type\":\"ListItem\",\"position\":1,\"name\":\"Portada\",\"item\":\"https:\\\/\\\/www.baque.com\\\/es\\\/\"},{\"@type\":\"ListItem\",\"position\":2,\"name\":\"Con\u00f3cenos\",\"item\":\"https:\\\/\\\/www.baque.com\\\/es\\\/conocenos\\\/\"},{\"@type\":\"ListItem\",\"position\":3,\"name\":\"Fundaci\u00f3n Baqu\u00e9\"}]},{\"@type\":\"WebSite\",\"@id\":\"https:\\\/\\\/www.baque.com\\\/es\\\/#website\",\"url\":\"https:\\\/\\\/www.baque.com\\\/es\\\/\",\"name\":\"Caf\u00e9s Baqu\u00e9\",\"description\":\"Somos l\u00edderes en hosteler\u00eda en Pa\u00eds Vasco y La Rioja y una de las marcas m\u00e1s reconocidas en el mercado nacional. Somos una empresa familiar en constante innovaci\u00f3n en el producto. Tostamos y distribuimos caf\u00e9 molido, en grano y c\u00e1psulas para disfrutar en casa, en el bar y en la oficina.\",\"potentialAction\":[{\"@type\":\"SearchAction\",\"target\":{\"@type\":\"EntryPoint\",\"urlTemplate\":\"https:\\\/\\\/www.baque.com\\\/es\\\/?s={search_term_string}\"},\"query-input\":{\"@type\":\"PropertyValueSpecification\",\"valueRequired\":true,\"valueName\":\"search_term_string\"}}],\"inLanguage\":\"es\"}]}<\/script>\n<!-- \/ Yoast SEO plugin. -->","yoast_head_json":{"title":"Fundaci\u00f3n Baqu\u00e9 | Con\u00f3cenos | Caf\u00e9s Baqu\u00e9","description":"La Fundaci\u00f3n Baqu\u00e9 Fundazioa lleva desde el a\u00f1o 2001 promocionando actividades culturales, deportivas y sociales llevadas a cabo por asociaciones sin \u00e1nimo de lucro y enfocadas principalmente en la transmisi\u00f3n de los valores del deporte a nuestros j\u00f3venes.","robots":{"index":"index","follow":"follow","max-snippet":"max-snippet:-1","max-image-preview":"max-image-preview:large","max-video-preview":"max-video-preview:-1"},"og_locale":"es_ES","og_type":"article","og_title":"Fundaci\u00f3n Baqu\u00e9 | Con\u00f3cenos | Caf\u00e9s Baqu\u00e9","og_description":"La Fundaci\u00f3n Baqu\u00e9 Fundazioa lleva desde el a\u00f1o 2001 promocionando actividades culturales, deportivas y sociales llevadas a cabo por asociaciones sin \u00e1nimo de lucro y enfocadas principalmente en la transmisi\u00f3n de los valores del deporte a nuestros j\u00f3venes.","og_url":"https:\/\/www.baque.com\/es\/conocenos\/fundacion-baque\/","og_site_name":"Caf\u00e9s Baqu\u00e9","article_modified_time":"2024-07-23T08:18:22+00:00","twitter_card":"summary_large_image","twitter_misc":{"Tiempo de lectura":"2 minutos"},"schema":{"@context":"https:\/\/schema.org","@graph":[{"@type":"WebPage","@id":"https:\/\/www.baque.com\/es\/conocenos\/fundacion-baque\/","url":"https:\/\/www.baque.com\/es\/conocenos\/fundacion-baque\/","name":"Fundaci\u00f3n Baqu\u00e9 | Con\u00f3cenos | Caf\u00e9s Baqu\u00e9","isPartOf":{"@id":"https:\/\/www.baque.com\/es\/#website"},"datePublished":"2018-01-30T12:52:50+00:00","dateModified":"2024-07-23T08:18:22+00:00","description":"La Fundaci\u00f3n Baqu\u00e9 Fundazioa lleva desde el a\u00f1o 2001 promocionando actividades culturales, deportivas y sociales llevadas a cabo por asociaciones sin \u00e1nimo de lucro y enfocadas principalmente en la transmisi\u00f3n de los valores del deporte a nuestros j\u00f3venes.","breadcrumb":{"@id":"https:\/\/www.baque.com\/es\/conocenos\/fundacion-baque\/#breadcrumb"},"inLanguage":"es","potentialAction":[{"@type":"ReadAction","target":["https:\/\/www.baque.com\/es\/conocenos\/fundacion-baque\/"]}]},{"@type":"BreadcrumbList","@id":"https:\/\/www.baque.com\/es\/conocenos\/fundacion-baque\/#breadcrumb","itemListElement":[{"@type":"ListItem","position":1,"name":"Portada","item":"https:\/\/www.baque.com\/es\/"},{"@type":"ListItem","position":2,"name":"Con\u00f3cenos","item":"https:\/\/www.baque.com\/es\/conocenos\/"},{"@type":"ListItem","position":3,"name":"Fundaci\u00f3n Baqu\u00e9"}]},{"@type":"WebSite","@id":"https:\/\/www.baque.com\/es\/#website","url":"https:\/\/www.baque.com\/es\/","name":"Caf\u00e9s Baqu\u00e9","description":"Somos l\u00edderes en hosteler\u00eda en Pa\u00eds Vasco y La Rioja y una de las marcas m\u00e1s reconocidas en el mercado nacional. Somos una empresa familiar en constante innovaci\u00f3n en el producto. Tostamos y distribuimos caf\u00e9 molido, en grano y c\u00e1psulas para disfrutar en casa, en el bar y en la oficina.","potentialAction":[{"@type":"SearchAction","target":{"@type":"EntryPoint","urlTemplate":"https:\/\/www.baque.com\/es\/?s={search_term_string}"},"query-input":{"@type":"PropertyValueSpecification","valueRequired":true,"valueName":"search_term_string"}}],"inLanguage":"es"}]}},"_links":{"self":[{"href":"https:\/\/www.baque.com\/es\/wp-json\/wp\/v2\/pages\/343","targetHints":{"allow":["GET"]}}],"collection":[{"href":"https:\/\/www.baque.com\/es\/wp-json\/wp\/v2\/pages"}],"about":[{"href":"https:\/\/www.baque.com\/es\/wp-json\/wp\/v2\/types\/page"}],"author":[{"embeddable":true,"href":"https:\/\/www.baque.com\/es\/wp-json\/wp\/v2\/users\/1"}],"replies":[{"embeddable":true,"href":"https:\/\/www.baque.com\/es\/wp-json\/wp\/v2\/comments?post=343"}],"version-history":[{"count":3,"href":"https:\/\/www.baque.com\/es\/wp-json\/wp\/v2\/pages\/343\/revisions"}],"predecessor-version":[{"id":2420158,"href":"https:\/\/www.baque.com\/es\/wp-json\/wp\/v2\/pages\/343\/revisions\/2420158"}],"up":[{"embeddable":true,"href":"https:\/\/www.baque.com\/es\/wp-json\/wp\/v2\/pages\/338"}],"wp:attachment":[{"href":"https:\/\/www.baque.com\/es\/wp-json\/wp\/v2\/media?parent=343"}],"curies":[{"name":"wp","href":"https:\/\/api.w.org\/{rel}","templated":true}]}}