
{"id":847,"date":"2018-02-07T10:21:04","date_gmt":"2018-02-07T10:21:04","guid":{"rendered":"http:\/\/www.baque.com\/?page_id=847"},"modified":"2024-01-11T10:03:05","modified_gmt":"2024-01-11T09:03:05","slug":"proveedores-referencia","status":"publish","type":"page","link":"https:\/\/www.baque.com\/es\/para-hosteleria\/proveedores-referencia\/","title":{"rendered":"Proveedores de referencia"},"content":{"rendered":"<p><section  id='proveedores-de-referencia' class='multicol'><div class='container'><br \/>\n<div class='col1'><img src='\/wp-content\/themes\/baque\/img\/images\/proveedores-de-referencia.jpg' class='bg withoutbgresp' alt='' \/><\/div><\/p>\n<div class=\"col2\">\n<p class=\"text-left\">Somos l\u00edderes en hosteler\u00eda y una marca escogida por los chefs m\u00e1s prestigiosos.<\/p>\n<p><img decoding=\"async\" class=\"bg withoutbgresp\" src=\"\/wp-content\/themes\/baque\/img\/images\/proveedores-de-referencia-cafe-1.jpg\" alt=\"\" \/><br \/>\n<div class='separator height25' ><\/div><\/p>\n<p class=\"text-left black\">Somos la primera marca de caf\u00e9 en notoriedad espont\u00e1nea en Pa\u00eds Vasco y Navarra<\/p>\n<p><div class='separator height25' ><\/div><br \/>\n<img decoding=\"async\" class=\"bg withoutbgresp\" src=\"\/wp-content\/themes\/baque\/img\/images\/proveedores-de-referencia-cafe-2.jpg\" alt=\"\" \/><\/p>\n<\/div>\n<div class='col3'>\n<h2>Reconocimiento de una marca l\u00edder<\/h2>\n<ul>\n<li>Caf\u00e9s Baqu\u00e9 es la primera marca de caf\u00e9 en notoriedad espont\u00e1nea entre los consumidores del Pa\u00eds Vasco y Navarra*.<\/li>\n<li>Somos l\u00edderes en el mercado, donde 30 de cada 100 establecimientos de hosteler\u00eda son clientes de Caf\u00e9s Baqu\u00e9.<\/li>\n<li>Somos la marca de caf\u00e9 que m\u00e1s se consume en el Pa\u00eds Vasco, m\u00e1s de 300.000 caf\u00e9s al d\u00eda.<\/li>\n<li>Contamos con una participaci\u00f3n en valor del 25% en el canal Gran Consumo del Pa\u00eds Vasco.<\/li>\n<li>En los \u00faltimos a\u00f1os se ha consolidado nuestra presencia en las comunidades de La Rioja, Castilla-Le\u00f3n, Madrid y M\u00e1laga.<\/li>\n<\/ul>\n<h2>Los chefs m\u00e1s prestigiosos conf\u00edan en Baqu\u00e9<\/h2>\n<p class=\"text-left\">El Pa\u00eds Vasco se caracteriza por su alto nivel gastron\u00f3mico y es reconocido a nivel internacional con m\u00e1s de 28 Estrellas Michelin en 20 restaurantes, siendo Caf\u00e9s Baqu\u00e9 el proveedor oficial de 7 de estos galardonados**.<\/p>\n<p class=\"text-left\">Caf\u00e9s Baqu\u00e9 mantiene una estrecha relaci\u00f3n con las instituciones sociales y gastron\u00f3micas de Euskadi, las cuales dan mucha importancia a la calidad del caf\u00e9 y a la formaci\u00f3n para obtener el mejor resultado en taza.<\/p>\n<p class=\"text-left quote2\">*Fuente Ikerfel, 2016. Estudio en torno al an\u00e1lisis de indicadores de consumo y compra de caf\u00e9 en la CAV.&lt;br\/*&gt;&lt;br\/*&gt;**Dato 2015.<\/p>\n<p><\/div><br \/>\n<\/div><\/section><br \/>\n<div class='separator height100' ><\/div><br \/>\n<section  id='proveedores-de-referencia-1' class='multicol'><div class='container'><\/p>\n<h2>Opiniones que nos animan a seguir haciendo el mejor producto<\/h2>\n<p><\/div><\/section><br \/>\n<section  id='proveedores-de-referencia-2' class='multicol'><div class='container'><br \/>\n<div class='col1'><img src='\/wp-content\/themes\/baque\/img\/images\/proveedores-de-referencia-eneko-atxa.jpg' class='bg withoutbgresp' alt='' \/><\/div><br \/>\n<div class='col4'><\/p>\n<h2>ENEKO ATXA<\/h2>\n<p class=\"text-left quote\">\u201cPara m\u00ed, la familia Baqu\u00e9 significa generosidad, buen hacer, compromiso, pasi\u00f3n, responsabilidad, solidaridad, apoyo, compromiso social, esp\u00edritu de innovaci\u00f3n, cercan\u00eda y, adem\u00e1s de todo eso&#8230; \u00a1tambi\u00e9n hacen un gran caf\u00e9!\u201d<\/p>\n<p class=\"text-left\"><strong>Eneko Atxa,<\/strong><br \/>\nChef galardonado con<br \/>\n4 estrellas Michel\u00edn.<\/p>\n<p><\/div><br \/>\n<\/div><\/section><br \/>\n<div class='separator height100' ><\/div><br \/>\n<section  id='proveedores-de-referencia-3' class='multicol'><div class='container'><br \/>\n<div class='col1'><img src='\/wp-content\/themes\/baque\/img\/images\/proveedores-de-referencia-grupo-iruna.jpg' class='bg withoutbgresp' alt='' \/><\/div><br \/>\n<div class='col4'><\/p>\n<h2>GRUPO IRU\u00d1A<\/h2>\n<p class=\"text-left quote\">\u201cDos empresas centenarias de la mano. Caf\u00e9s Baqu\u00e9 y Grupo Iru\u00f1a comparten muchos aspectos que son fundamentales y b\u00e1sicos de negocio. Dos negocios que suman m\u00e1s de 200 a\u00f1os de vida. Ambas empresas buscan la generaci\u00f3n de emociones positivas en el cliente final, ambas trabajan bajo la flexibilidad de servicio y calidad del mismo, con una marcada \u00e9tica empresarial, dentro de un marco de innovaci\u00f3n y evoluci\u00f3n de producto y, sobre todo, bajo una autoexigencia m\u00e1xima en el mantenimiento de la calidad de producto.\u201d<\/p>\n<p class=\"text-left\"><strong>Ignacio Cano Ajuria,<\/strong><br \/>\nGerente Grupo Iru\u00f1a.<\/p>\n<p><\/div><br \/>\n<\/div><\/section><\/p>\n<div class='separator height100' ><\/div>\n<section  id='proveedores-de-referencia-4' class='multicol'><div class='container'><br \/>\n<div class='col1'><img src='\/wp-content\/themes\/baque\/img\/images\/proveedores-de-referencia-amazonico.jpg' class='bg withoutbgresp' alt='' \/><\/div><br \/>\n<div class='col4'><\/p>\n<h2>AMAZ\u00d3NICO<\/h2>\n<p class=\"text-left quote\">\u201cAmaz\u00f3nico es un experiencia que trata de inundar de frescor, de aromas y de sensaciones a todas las personas que cruzan sus puertas. Como complemento a esta experiencia buscamos un caf\u00e9 que transmita aromas salvajes, frescos, naturales y Caf\u00e9s Baqu\u00e9 con su experiencia y saber hacer nos acompa\u00f1a en este viaje inolvidable. Una empresa que entiende cada negocio de una manera \u00fanica.\u201d<\/p>\n<p class=\"text-left\"><strong>Sandro Silva,<\/strong><br \/>\nChef y propietario de<br \/>\nAmaz\u00f3nico.<\/p>\n<p><\/div><br \/>\n<\/div><\/section>\n<p><div class='separator height50' ><\/div><br \/>\n<section  id='informacion' class='videophoto expand'><img src='\/wp-content\/themes\/baque\/img\/images\/informacion.jpg' class='bg' alt='' \/><img src='\/wp-content\/themes\/baque\/img\/images\/informacion_resp.jpg' class='bgresp' alt='' \/><div class='container'><\/p>\n<h2 class=\"likeh1\">ELLOS YA CONF\u00cdAN<br \/>\nEN NOSOTROS, \u00bfY T\u00da?<br \/>\nSOLICITA AHORA M\u00c1S<br \/>\nINFORMACI\u00d3N SIN<br \/>\nCOMPROMISO.<\/h2>\n<p><a href='https:\/\/www.baque.com\/es\/contacto\/' class='button  white'>M\u00c1S INFORMACI\u00d3N<\/a><br \/>\n<\/div><\/section><br \/>\n<section  id='proveedores-de-referencia-6' class='squares videophoto cols3 borderwhite borderwhitefooter'><br \/>\n<div  class='square nocontainer'>\n\t\t\t<img src='\/wp-content\/themes\/baque\/img\/images\/proveedores-de-referencia-1.jpg' class='bg withoutbgresp' alt='' \/>\n\t\t\t\n\t\t\t<div class='container'>\n\t\t\t\t\n\t\t\t<\/div>\n\t\t<\/div><br \/>\n<div  class='square nocontainer'>\n\t\t\t<img src='\/wp-content\/themes\/baque\/img\/images\/proveedores-de-referencia-2.jpg' class='bg withoutbgresp' alt='' \/>\n\t\t\t\n\t\t\t<div class='container'>\n\t\t\t\t\n\t\t\t<\/div>\n\t\t<\/div><br \/>\n<div  class='square nocontainer'>\n\t\t\t<img src='\/wp-content\/themes\/baque\/img\/images\/proveedores-de-referencia-3.jpg' class='bg withoutbgresp' alt='' \/>\n\t\t\t\n\t\t\t<div class='container'>\n\t\t\t\t\n\t\t\t<\/div>\n\t\t<\/div><br \/>\n<\/section><\/p>\n","protected":false},"excerpt":{"rendered":"","protected":false},"author":1,"featured_media":0,"parent":639,"menu_order":100,"comment_status":"closed","ping_status":"closed","template":"","meta":{"_acf_changed":false,"footnotes":""},"class_list":["post-847","page","type-page","status-publish","hentry"],"acf":[],"yoast_head":"<!-- This site is optimized with the Yoast SEO plugin v27.3 - https:\/\/yoast.com\/product\/yoast-seo-wordpress\/ -->\n<title>Proveedores de referencia | Caf\u00e9 para hosteler\u00eda| Caf\u00e9s Baqu\u00e9<\/title>\n<meta name=\"description\" content=\"Caf\u00e9s Baqu\u00e9 es la primera marca de caf\u00e9 en notoriedad espont\u00e1nea entre los consumidores del Pa\u00eds Vasco y Navarra. Somos l\u00edderes en el mercado, donde 30 de cada 100 establecimientos de hosteler\u00eda son clientes de Caf\u00e9s Baqu\u00e9.\" \/>\n<meta name=\"robots\" content=\"index, follow, max-snippet:-1, max-image-preview:large, max-video-preview:-1\" \/>\n<meta property=\"og:locale\" content=\"es_ES\" \/>\n<meta property=\"og:type\" content=\"article\" \/>\n<meta property=\"og:title\" content=\"Proveedores de referencia | Caf\u00e9 para hosteler\u00eda| Caf\u00e9s Baqu\u00e9\" \/>\n<meta property=\"og:description\" content=\"Caf\u00e9s Baqu\u00e9 es la primera marca de caf\u00e9 en notoriedad espont\u00e1nea entre los consumidores del Pa\u00eds Vasco y Navarra. Somos l\u00edderes en el mercado, donde 30 de cada 100 establecimientos de hosteler\u00eda son clientes de Caf\u00e9s Baqu\u00e9.\" \/>\n<meta property=\"og:url\" content=\"https:\/\/www.baque.com\/es\/para-hosteleria\/proveedores-referencia\/\" \/>\n<meta property=\"og:site_name\" content=\"Caf\u00e9s Baqu\u00e9\" \/>\n<meta property=\"article:modified_time\" content=\"2024-01-11T09:03:05+00:00\" \/>\n<meta name=\"twitter:card\" content=\"summary_large_image\" \/>\n<meta name=\"twitter:label1\" content=\"Tiempo de lectura\" \/>\n\t<meta name=\"twitter:data1\" content=\"4 minutos\" \/>\n<script type=\"application\/ld+json\" class=\"yoast-schema-graph\">{\"@context\":\"https:\\\/\\\/schema.org\",\"@graph\":[{\"@type\":\"WebPage\",\"@id\":\"https:\\\/\\\/www.baque.com\\\/es\\\/para-hosteleria\\\/proveedores-referencia\\\/\",\"url\":\"https:\\\/\\\/www.baque.com\\\/es\\\/para-hosteleria\\\/proveedores-referencia\\\/\",\"name\":\"Proveedores de referencia | Caf\u00e9 para hosteler\u00eda| Caf\u00e9s Baqu\u00e9\",\"isPartOf\":{\"@id\":\"https:\\\/\\\/www.baque.com\\\/es\\\/#website\"},\"datePublished\":\"2018-02-07T10:21:04+00:00\",\"dateModified\":\"2024-01-11T09:03:05+00:00\",\"description\":\"Caf\u00e9s Baqu\u00e9 es la primera marca de caf\u00e9 en notoriedad espont\u00e1nea entre los consumidores del Pa\u00eds Vasco y Navarra. Somos l\u00edderes en el mercado, donde 30 de cada 100 establecimientos de hosteler\u00eda son clientes de Caf\u00e9s Baqu\u00e9.\",\"breadcrumb\":{\"@id\":\"https:\\\/\\\/www.baque.com\\\/es\\\/para-hosteleria\\\/proveedores-referencia\\\/#breadcrumb\"},\"inLanguage\":\"es\",\"potentialAction\":[{\"@type\":\"ReadAction\",\"target\":[\"https:\\\/\\\/www.baque.com\\\/es\\\/para-hosteleria\\\/proveedores-referencia\\\/\"]}]},{\"@type\":\"BreadcrumbList\",\"@id\":\"https:\\\/\\\/www.baque.com\\\/es\\\/para-hosteleria\\\/proveedores-referencia\\\/#breadcrumb\",\"itemListElement\":[{\"@type\":\"ListItem\",\"position\":1,\"name\":\"Portada\",\"item\":\"https:\\\/\\\/www.baque.com\\\/es\\\/\"},{\"@type\":\"ListItem\",\"position\":2,\"name\":\"Soluciones para tu negocio\",\"item\":\"https:\\\/\\\/www.baque.com\\\/es\\\/para-hosteleria\\\/\"},{\"@type\":\"ListItem\",\"position\":3,\"name\":\"Proveedores de referencia\"}]},{\"@type\":\"WebSite\",\"@id\":\"https:\\\/\\\/www.baque.com\\\/es\\\/#website\",\"url\":\"https:\\\/\\\/www.baque.com\\\/es\\\/\",\"name\":\"Caf\u00e9s Baqu\u00e9\",\"description\":\"Somos l\u00edderes en hosteler\u00eda en Pa\u00eds Vasco y La Rioja y una de las marcas m\u00e1s reconocidas en el mercado nacional. Somos una empresa familiar en constante innovaci\u00f3n en el producto. Tostamos y distribuimos caf\u00e9 molido, en grano y c\u00e1psulas para disfrutar en casa, en el bar y en la oficina.\",\"potentialAction\":[{\"@type\":\"SearchAction\",\"target\":{\"@type\":\"EntryPoint\",\"urlTemplate\":\"https:\\\/\\\/www.baque.com\\\/es\\\/?s={search_term_string}\"},\"query-input\":{\"@type\":\"PropertyValueSpecification\",\"valueRequired\":true,\"valueName\":\"search_term_string\"}}],\"inLanguage\":\"es\"}]}<\/script>\n<!-- \/ Yoast SEO plugin. -->","yoast_head_json":{"title":"Proveedores de referencia | Caf\u00e9 para hosteler\u00eda| Caf\u00e9s Baqu\u00e9","description":"Caf\u00e9s Baqu\u00e9 es la primera marca de caf\u00e9 en notoriedad espont\u00e1nea entre los consumidores del Pa\u00eds Vasco y Navarra. Somos l\u00edderes en el mercado, donde 30 de cada 100 establecimientos de hosteler\u00eda son clientes de Caf\u00e9s Baqu\u00e9.","robots":{"index":"index","follow":"follow","max-snippet":"max-snippet:-1","max-image-preview":"max-image-preview:large","max-video-preview":"max-video-preview:-1"},"og_locale":"es_ES","og_type":"article","og_title":"Proveedores de referencia | Caf\u00e9 para hosteler\u00eda| Caf\u00e9s Baqu\u00e9","og_description":"Caf\u00e9s Baqu\u00e9 es la primera marca de caf\u00e9 en notoriedad espont\u00e1nea entre los consumidores del Pa\u00eds Vasco y Navarra. Somos l\u00edderes en el mercado, donde 30 de cada 100 establecimientos de hosteler\u00eda son clientes de Caf\u00e9s Baqu\u00e9.","og_url":"https:\/\/www.baque.com\/es\/para-hosteleria\/proveedores-referencia\/","og_site_name":"Caf\u00e9s Baqu\u00e9","article_modified_time":"2024-01-11T09:03:05+00:00","twitter_card":"summary_large_image","twitter_misc":{"Tiempo de lectura":"4 minutos"},"schema":{"@context":"https:\/\/schema.org","@graph":[{"@type":"WebPage","@id":"https:\/\/www.baque.com\/es\/para-hosteleria\/proveedores-referencia\/","url":"https:\/\/www.baque.com\/es\/para-hosteleria\/proveedores-referencia\/","name":"Proveedores de referencia | Caf\u00e9 para hosteler\u00eda| Caf\u00e9s Baqu\u00e9","isPartOf":{"@id":"https:\/\/www.baque.com\/es\/#website"},"datePublished":"2018-02-07T10:21:04+00:00","dateModified":"2024-01-11T09:03:05+00:00","description":"Caf\u00e9s Baqu\u00e9 es la primera marca de caf\u00e9 en notoriedad espont\u00e1nea entre los consumidores del Pa\u00eds Vasco y Navarra. Somos l\u00edderes en el mercado, donde 30 de cada 100 establecimientos de hosteler\u00eda son clientes de Caf\u00e9s Baqu\u00e9.","breadcrumb":{"@id":"https:\/\/www.baque.com\/es\/para-hosteleria\/proveedores-referencia\/#breadcrumb"},"inLanguage":"es","potentialAction":[{"@type":"ReadAction","target":["https:\/\/www.baque.com\/es\/para-hosteleria\/proveedores-referencia\/"]}]},{"@type":"BreadcrumbList","@id":"https:\/\/www.baque.com\/es\/para-hosteleria\/proveedores-referencia\/#breadcrumb","itemListElement":[{"@type":"ListItem","position":1,"name":"Portada","item":"https:\/\/www.baque.com\/es\/"},{"@type":"ListItem","position":2,"name":"Soluciones para tu negocio","item":"https:\/\/www.baque.com\/es\/para-hosteleria\/"},{"@type":"ListItem","position":3,"name":"Proveedores de referencia"}]},{"@type":"WebSite","@id":"https:\/\/www.baque.com\/es\/#website","url":"https:\/\/www.baque.com\/es\/","name":"Caf\u00e9s Baqu\u00e9","description":"Somos l\u00edderes en hosteler\u00eda en Pa\u00eds Vasco y La Rioja y una de las marcas m\u00e1s reconocidas en el mercado nacional. Somos una empresa familiar en constante innovaci\u00f3n en el producto. Tostamos y distribuimos caf\u00e9 molido, en grano y c\u00e1psulas para disfrutar en casa, en el bar y en la oficina.","potentialAction":[{"@type":"SearchAction","target":{"@type":"EntryPoint","urlTemplate":"https:\/\/www.baque.com\/es\/?s={search_term_string}"},"query-input":{"@type":"PropertyValueSpecification","valueRequired":true,"valueName":"search_term_string"}}],"inLanguage":"es"}]}},"_links":{"self":[{"href":"https:\/\/www.baque.com\/es\/wp-json\/wp\/v2\/pages\/847","targetHints":{"allow":["GET"]}}],"collection":[{"href":"https:\/\/www.baque.com\/es\/wp-json\/wp\/v2\/pages"}],"about":[{"href":"https:\/\/www.baque.com\/es\/wp-json\/wp\/v2\/types\/page"}],"author":[{"embeddable":true,"href":"https:\/\/www.baque.com\/es\/wp-json\/wp\/v2\/users\/1"}],"replies":[{"embeddable":true,"href":"https:\/\/www.baque.com\/es\/wp-json\/wp\/v2\/comments?post=847"}],"version-history":[{"count":2,"href":"https:\/\/www.baque.com\/es\/wp-json\/wp\/v2\/pages\/847\/revisions"}],"predecessor-version":[{"id":1989743,"href":"https:\/\/www.baque.com\/es\/wp-json\/wp\/v2\/pages\/847\/revisions\/1989743"}],"up":[{"embeddable":true,"href":"https:\/\/www.baque.com\/es\/wp-json\/wp\/v2\/pages\/639"}],"wp:attachment":[{"href":"https:\/\/www.baque.com\/es\/wp-json\/wp\/v2\/media?parent=847"}],"curies":[{"name":"wp","href":"https:\/\/api.w.org\/{rel}","templated":true}]}}