
{"id":904,"date":"2018-02-07T14:03:53","date_gmt":"2018-02-07T14:03:53","guid":{"rendered":"http:\/\/www.baque.com\/?page_id=904"},"modified":"2023-12-05T12:52:45","modified_gmt":"2023-12-05T11:52:45","slug":"cafe","status":"publish","type":"page","link":"https:\/\/www.baque.com\/es\/para-hosteleria\/cafe\/","title":{"rendered":"Caf\u00e9 para hosteler\u00eda"},"content":{"rendered":"<p><span id='menublackanchor'><\/span><div class='menublack'><div><br \/>\n<div id='itemmenublack-1' class='itemmenublack smooth first' data-go='#cafe-negocio-8'><span>CAF\u00c9<br \/>\nORG\u00c1NICO<\/span><\/div><br \/>\n<div id='itemmenublack-2' class='itemmenublack smooth' data-go='#cafe-negocio-3'><span>RESERVA<br \/>\nPRIVADA<\/span><\/div><br \/>\n<div id='itemmenublack-3' class='itemmenublack smooth' data-go='#cafe-negocio-4'><span>CAF\u00c9<br \/>\nEN GRANO<\/span><\/div><br \/>\n<div id='itemmenublack-4' class='itemmenublack smooth' data-go='#cafe-negocio-5'><span>GAMA<br \/>\nB\u00c1SICA<\/span><\/div><br \/>\n<div id='itemmenublack-5' class='itemmenublack smooth' data-go='#cafe-negocio-6'><span>C\u00c1PSULAS BLUE BARISTA<\/span><\/div><br \/>\n<div id='itemmenublack-6' class='itemmenublack smooth' data-go='#cafe-negocio-7'><span>SOLUBLES<\/span><\/div><br \/>\n<\/div><i class='fa fa-angle-left'><\/i><i class='fa fa-angle-right'><\/i><\/div><br \/>\n<section  id='cafe-negocio' class='videophoto expand nocontainer'><img src='\/wp-content\/themes\/baque\/img\/images\/para-tu-negocio-cafe.jpg' class='bg' alt='' \/><img src='\/wp-content\/themes\/baque\/img\/images\/para-tu-negocio-cafe_resp.jpg' class='bgresp' alt='' \/><div class='container'><\/div><\/section><br \/>\n<div class='separator height50' ><\/div><br \/>\n<section  id='cafe-negocio-1' class='introtext'><div class='container'><\/p>\n<p class=\"entradilla\">Los caf\u00e9s de siempre pensados para cada negocio y su clientela. Nuestra gama de caf\u00e9s en grano aseguran uniformidad en cada taza de caf\u00e9, <strong>gracias al tueste homog\u00e9neo que garantiza al m\u00e1ximo el sabor de cada origen<\/strong>.<\/p>\n<p class=\"text-center\"><strong>Blends muy cuidados que realzan todas las virtudes del caf\u00e9.<\/strong> Envases de alta calidad y materiales barrera que garantizan una mejor conservaci\u00f3n para que el caf\u00e9 te llegue como reci\u00e9n tostado.<\/p>\n<p><\/div><\/section><br \/>\n<section  id='cafe-negocio-2' class='introtext'><div class='container'><\/p>\n<h2>CONOCE NUESTRAS MEJORES OPCIONES PARA TI<\/h2>\n<p><\/div><\/section><\/p>\n<section  id='cafe-negocio-8' class='introtext step'><div class='container'><\/p>\n<h2>CAF\u00c9 ORG\u00c1NICO<\/h2>\n<p class=\"text-center\">Nuestra gama de caf\u00e9s Premium elaborados con granos de caf\u00e9 cultivados con honestidad, sin qu\u00edmicos ni pesticidas.<\/p>\n<p class=\"text-center\">Caf\u00e9s que han sido cultivados mediante procesos que buscan contribuir a la mejora del suelo, utilizando t\u00e9cnicas que lo hagan m\u00e1s f\u00e9rtil a la producci\u00f3n de un caf\u00e9 de la m\u00e1s alta calidad. Un caf\u00e9 que se produce desde la honestidad, sin la ayuda de sustancias qu\u00edmicas artificiales, como pesticidas y herbicidas.<\/p>\n<p class=\"text-center\">Referencias de alta calidad caracter\u00edsticas por su compromiso con el medio ambiente y con la producci\u00f3n agr\u00edcola sostenible.<\/p>\n<p><\/div><\/section>\n<section  id='cafe-negocio-8-1' class='productsquares step'><div class='container'><br \/>\n<div class='productsquare' itemscope itemtype='http:\/\/schema.org\/Product'><div class='productsquareimg' ><img src='\/wp-content\/themes\/baque\/img\/productos\/criba-organico.jpg' itemprop='image' alt='ORG\u00c1NICO NATURAL CAF\u00c9 EN GRANO ' \/><\/div><div class='productsquaretext'><h3 itemprop='name'>ORG\u00c1NICO NATURAL CAF\u00c9 EN GRANO <\/h3><span itemprop='description'><\/p>\n<p class=\"text-left\">Disfruta de una taza con aroma intenso y llena de matices afrutados y agradable cacao. Una taza con cuerpo y mucho equilibrio.<\/p>\n<table>\n<tbody>\n<tr>\n<th colspan=\"2\"><strong>Notas de cata:<\/strong><\/th>\n<\/tr>\n<tr>\n<th valign=\"top\">Aromas<\/th>\n<td valign=\"top\">Fruta madura y cacao con leves notas a frutos secos.<\/td>\n<\/tr>\n<tr>\n<th valign=\"top\">Cuerpo<\/th>\n<td valign=\"top\">Densidad sedosa y de textura cremosa.<\/td>\n<\/tr>\n<tr>\n<th valign=\"top\">Sabor<\/th>\n<td valign=\"top\">Acidez brillante y ligero amargor, con notas a cacao y matices amaderados. Muy equilibrado y redondo.<\/td>\n<\/tr>\n<tr>\n<th valign=\"top\">Postgusto<\/th>\n<td valign=\"top\">Oleoso y largo en boca.<\/td>\n<\/tr>\n<\/tbody>\n<\/table>\n<p>\n<\/span><\/div><\/div><br \/>\n<div class='productsquare' itemscope itemtype='http:\/\/schema.org\/Product'><div class='productsquareimg' ><img src='\/wp-content\/themes\/baque\/img\/productos\/criba-organico-descafeinado.jpg' itemprop='image' alt='ORG\u00c1NICO DESCAFEINADO CAF\u00c9 EN GRANO ' \/><\/div><div class='productsquaretext'><h3 itemprop='name'>ORG\u00c1NICO DESCAFEINADO CAF\u00c9 EN GRANO <\/h3><span itemprop='description'><\/p>\n<p class=\"text-left\">Un descafeinado procedente de la regi\u00f3n de Minas Gerais de Brasil que presenta una taza dulce, equilibrada con un leve amargor final y con cuerpo agradable. Perfecto para combinar con leche.<\/p>\n<table>\n<tbody>\n<tr>\n<th colspan=\"2\"><strong>Notas de cata:<\/strong><\/th>\n<\/tr>\n<tr>\n<th valign=\"top\">Aromas<\/th>\n<td valign=\"top\">Cacao y ligeras notas a mantequilla dulce.<\/td>\n<\/tr>\n<tr>\n<th valign=\"top\">Cuerpo<\/th>\n<td valign=\"top\">Densidad media y textura limpia.<\/td>\n<\/tr>\n<tr>\n<th valign=\"top\">Sabor<\/th>\n<td valign=\"top\">Acidez moderada y final de amargor medio, con notas a cacao y avellana.<\/td>\n<\/tr>\n<tr>\n<th valign=\"top\">Postgusto<\/th>\n<td valign=\"top\">Saliva y perdura en boca.<\/td>\n<\/tr>\n<\/tbody>\n<\/table>\n<p>\n<\/span><\/div><\/div><\/p>\n<p><\/div><\/section>\n<section  id='cafe-negocio-8-2' class='productsquares step'><div class='container'><br \/>\n<div class='productsquare horizontal' itemscope itemtype='http:\/\/schema.org\/Product'><div class='productsquareimg' ><img src='\/wp-content\/uploads\/2022\/11\/blue-eco-natural.png' itemprop='image' alt='ECOL\u00d3GICO NATURAL C\u00c1PSULAS ' \/><\/div><div class='productsquaretext'><h3 itemprop='name'>ECOL\u00d3GICO NATURAL C\u00c1PSULAS <\/h3><span itemprop='description'><\/p>\n<p class=\"text-left\">Un caf\u00e9 cl\u00e1sico y equilibrado de tueste 100% natural, con cuerpo denso, sedoso y textura cremosa. Una taza con aroma intenso y notas a cacao.<\/p>\n<table>\n<tbody>\n<tr>\n<th colspan=\"2\"><strong>Notas de cata:<\/strong><\/th>\n<\/tr>\n<tr>\n<th valign=\"top\">Aromas<\/th>\n<td valign=\"top\">Fruta, cacao y ligeras notas a madera.<\/td>\n<\/tr>\n<tr>\n<th valign=\"top\">Cuerpo<\/th>\n<td valign=\"top\">Denso y elegante.<\/td>\n<\/tr>\n<tr>\n<th valign=\"top\">Sabor<\/th>\n<td valign=\"top\">Acidez suave y amargor ligero, con notas herb\u00e1ceas y a cacao.<\/td>\n<\/tr>\n<tr>\n<th valign=\"top\">Postgusto<\/th>\n<td valign=\"top\">Terso y largo.<\/td>\n<\/tr>\n<\/tbody>\n<\/table>\n<p>\n<\/span><\/div><\/div><br \/>\n<div class='productsquare horizontal' itemscope itemtype='http:\/\/schema.org\/Product'><div class='productsquareimg' ><img src='\/wp-content\/uploads\/2022\/11\/blue-eco-descafeinado.png' itemprop='image' alt='ECOL\u00d3GICO DESCAFEINADO C\u00c1PSULAS ' \/><\/div><div class='productsquaretext'><h3 itemprop='name'>ECOL\u00d3GICO DESCAFEINADO C\u00c1PSULAS <\/h3><span itemprop='description'><\/p>\n<p class=\"text-left\">Un caf\u00e9 equilibrado con notas a cacao y avellana de tueste 100% natural, elaborado con granos procedentes de Am\u00e9rica del Sur, que presenta una taza dulce con cuerpo agradable.<\/p>\n<table>\n<tbody>\n<tr>\n<th colspan=\"2\"><strong>Notas de cata:<\/strong><\/th>\n<\/tr>\n<tr>\n<th valign=\"top\">Aromas<\/th>\n<td valign=\"top\">Cacao y ligeras notas a mantequilla dulce.<\/td>\n<\/tr>\n<tr>\n<th valign=\"top\">Cuerpo<\/th>\n<td valign=\"top\">Densidad media y textura limpia.<\/td>\n<\/tr>\n<tr>\n<th valign=\"top\">Sabor<\/th>\n<td valign=\"top\">Acidez moderada y final de amargor medio, con notas a cacao y avellana.<\/td>\n<\/tr>\n<tr>\n<th valign=\"top\">Postgusto<\/th>\n<td valign=\"top\">Saliva y perdura en boca.<\/td>\n<\/tr>\n<\/tbody>\n<\/table>\n<p>\n<\/span><\/div><\/div><\/p>\n<p><\/div><\/section>\n<div class='separator height150' ><\/div>\n<section  id='cafe-negocio-3' class='introtext step'><div class='container'>\n<h2>RESERVA PRIVADA<\/h2>\n<p class=\"text-center\">Gama de caf\u00e9s Premium para ofrecer la experiencia perfecta en cada taza de caf\u00e9. Nuestros caf\u00e9s Reserva Privada son caf\u00e9s recolectados de la forma m\u00e1s tradicional, eligiendo sin duda los granos m\u00e1s refinados y selectos provenientes de Am\u00e9rica Latina, \u00c1frica, Medio Oriente y Asia.<\/p>\n<div class='separator height25' ><\/div>\n<table>\n<tbody>\n<tr>\n<th colspan=\"2\"><strong>Ficha T\u00e9cnica:<\/strong><\/th>\n<\/tr>\n<tr>\n<th valign=\"top\">Presentaci\u00f3n<\/th>\n<td valign=\"top\">Tolva adaptable al molino. Envase presurizado con nitr\u00f3geno.<\/td>\n<\/tr>\n<tr>\n<th valign=\"top\">Material rPET<\/th>\n<td valign=\"top\">Hecho 100% de pl\u00e1stico reciclado y reciclable.<\/td>\n<\/tr>\n<tr>\n<th valign=\"top\">Formato log\u00edstico<\/th>\n<td valign=\"top\">2 kg.<\/td>\n<\/tr>\n<\/tbody>\n<\/table>\n<p><\/div><\/section><br \/>\n<section  id='cafe-negocio-3-1' class='productsquares step'><div class='container'><br \/>\n<div class='productsquare' itemscope itemtype='http:\/\/schema.org\/Product'><div class='productsquareimg' ><img src='\/wp-content\/uploads\/2022\/02\/Tolva_CR.ESPECIAL_rPET-01-01.jpg' itemprop='image' alt='CRIBA ESPECIAL' \/><\/div><div class='productsquaretext'><h3 itemprop='name'>CRIBA ESPECIAL<\/h3><span itemprop='description'><\/p>\n<p class=\"text-left\">Caf\u00e9 100% Ar\u00e1bica, seleccionado por el tama\u00f1o de su grano, sin duda el m\u00e1s puro, de aroma intenso y sabor \u00e1cido. Un caf\u00e9 que impregna y deja huella. Caf\u00e9 de sabor suave y afrutado envasado en tolva presurizada.<\/p>\n<table>\n<tbody>\n<tr>\n<th colspan=\"2\"><strong>Notas de cata:<\/strong><\/th>\n<\/tr>\n<tr>\n<th valign=\"top\">Aromas<\/th>\n<td valign=\"top\">Floral, c\u00edtrico y herb\u00e1ceo.<\/td>\n<\/tr>\n<tr>\n<th valign=\"top\">Cuerpo<\/th>\n<td valign=\"top\">Fino y elegante.<\/td>\n<\/tr>\n<tr>\n<th valign=\"top\">Sabor<\/th>\n<td valign=\"top\">Acidez melosa, con notas c\u00edtricas, frutal y chocolate.<\/td>\n<\/tr>\n<tr>\n<th valign=\"top\">Postgusto<\/th>\n<td valign=\"top\">Profundo y agradable.<\/td>\n<\/tr>\n<\/tbody>\n<\/table>\n<p>\n<\/span><\/div><\/div><br \/>\n<div class='productsquare' itemscope itemtype='http:\/\/schema.org\/Product'><div class='productsquareimg' ><img src='\/wp-content\/uploads\/2022\/02\/Tolva_DESCAFEINADO_rPET-01.jpg' itemprop='image' alt='DESCAFEINADO LAVADO ESPECIAL' \/><\/div><div class='productsquaretext'><h3 itemprop='name'>DESCAFEINADO LAVADO ESPECIAL<\/h3><span itemprop='description'><\/p>\n<p class=\"text-left\">Caf\u00e9 en grano de la m\u00e1s alta calidad, seleccionado a mano, tostado y envasado en tolva presurizada. 100% Ar\u00e1bica Colombia, tratado con un proceso de lavado especial que lo convierte en un caf\u00e9 descafeinado fino y exquisito.<\/p>\n<table>\n<tbody>\n<tr>\n<th colspan=\"2\"><strong>Notas de cata:<\/strong><\/th>\n<\/tr>\n<tr>\n<th valign=\"top\">Aromas<\/th>\n<td valign=\"top\">Fruta madura, chocolate y notas a mantequilla fresca.<\/td>\n<\/tr>\n<tr>\n<th valign=\"top\">Cuerpo<\/th>\n<td valign=\"top\">Fino y elegante.<\/td>\n<\/tr>\n<tr>\n<th valign=\"top\">Sabor<\/th>\n<td valign=\"top\">Acidez melosa, con notas c\u00edtricas, frutal y chocolate.<\/td>\n<\/tr>\n<tr>\n<th valign=\"top\">Postgusto<\/th>\n<td valign=\"top\">Profundo y agradable.<\/td>\n<\/tr>\n<\/tbody>\n<\/table>\n<p>\n<\/span><\/div><\/div><br \/>\n<\/div><\/section><\/p>\n<p><section  id='cafe-negocio-3-2' class='productsquares step'><div class='container'><br \/>\n<div class='productsquare' itemscope itemtype='http:\/\/schema.org\/Product'><div class='productsquareimg' ><img src='\/wp-content\/uploads\/2022\/02\/Tolva_COLOMBIA_rPET-01.jpg' itemprop='image' alt='COLOMBIA' \/><\/div><div class='productsquaretext'><h3 itemprop='name'>COLOMBIA<\/h3><span itemprop='description'><\/p>\n<p class=\"text-left\">Caf\u00e9 en grano de la m\u00e1s alta calidad, seleccionado a mano, tostado y envasado en tolva presurizada. Caf\u00e9 100% Colombia. Aporta una taza suave y balanceada, con una crema brillante y persistente.<\/p>\n<table>\n<tbody>\n<tr>\n<th colspan=\"2\"><strong>Notas de cata:<\/strong><\/th>\n<\/tr>\n<tr>\n<th valign=\"top\">Aromas<\/th>\n<td valign=\"top\">Fruta madura y chocolate dulce.<\/td>\n<\/tr>\n<tr>\n<th valign=\"top\">Cuerpo<\/th>\n<td valign=\"top\">Sedoso y elegante.<\/td>\n<\/tr>\n<tr>\n<th valign=\"top\">Sabor<\/th>\n<td valign=\"top\">Acidez melosa, con notas frutales y chocolate con leche.<\/td>\n<\/tr>\n<tr>\n<th valign=\"top\">Postgusto<\/th>\n<td valign=\"top\">Profundo y duradero.<\/td>\n<\/tr>\n<\/tbody>\n<\/table>\n<p>\n<\/span><\/div><\/div><br \/>\n<div class='productsquare' itemscope itemtype='http:\/\/schema.org\/Product'><div class='productsquareimg' ><img src='\/wp-content\/uploads\/2022\/02\/Tolva_SEIS-ORIGENES_rPET-01.jpg' itemprop='image' alt='COUPAGE SEIS OR\u00cdGENES' \/><\/div><div class='productsquaretext'><h3 itemprop='name'>COUPAGE SEIS OR\u00cdGENES<\/h3><span itemprop='description'><\/p>\n<p class=\"text-left\">Caf\u00e9 de sabores achocolatados que gracias a su mezcla de Ar\u00e1bicas con un peque\u00f1o porcentaje de Robusta pulido de alta calidad consigue un blend de aroma ligero y sabor intenso. En definitiva, un caf\u00e9 cremoso y equilibrado envasado en tolva presurizada.<\/p>\n<table>\n<tbody>\n<tr>\n<th colspan=\"2\"><strong>Notas de cata:<\/strong><\/th>\n<\/tr>\n<tr>\n<th valign=\"top\">Aromas<\/th>\n<td valign=\"top\">Floral, especiado y meloso.<\/td>\n<\/tr>\n<tr>\n<th valign=\"top\">Cuerpo<\/th>\n<td valign=\"top\">Jugoso y limpio en boca.<\/td>\n<\/tr>\n<tr>\n<th valign=\"top\">Sabor<\/th>\n<td valign=\"top\">Acidez melosa, con notas c\u00edtricas, fruta madura y chocolate.<\/td>\n<\/tr>\n<tr>\n<th valign=\"top\">Postgusto<\/th>\n<td valign=\"top\">Profundo y agradable.<\/td>\n<\/tr>\n<\/tbody>\n<\/table>\n<p>\n<\/span><\/div><\/div><br \/>\n<\/div><\/section><br \/>\n<div class='separator height150' ><\/div><br \/>\n<section  id='cafe-negocio-4' class='introtext step'><div class='container'><\/p>\n<h2>CAF\u00c9 EN GRANO<\/h2>\n<p class=\"text-center\">Los caf\u00e9s de siempre pensados para cada negocio. Nuestra gama de caf\u00e9s en grano aseguran uniformidad en cada taza de caf\u00e9, gracias al tueste homog\u00e9neo que garantiza al m\u00e1ximo el sabor de cada origen. Blends muy cuidados que realzan todas las virtudes del caf\u00e9. Envases 100% reciclables de alta calidad y materiales barrera que garantizan una mejor conservaci\u00f3n para que el caf\u00e9 te llegue como reci\u00e9n tostado. Adem\u00e1s, incorporan un sistema exclusivo de f\u00e1cil apertura y una v\u00e1lvula de control de aroma que mantiene intactas todas las cualidades organol\u00e9pticas del caf\u00e9.<\/p>\n<div class='separator height25' ><\/div>\n<table>\n<tbody>\n<tr>\n<th colspan=\"2\"><strong>Ficha T\u00e9cnica:<\/strong><\/th>\n<\/tr>\n<tr>\n<th valign=\"top\">Presentaci\u00f3n<\/th>\n<td valign=\"top\">Envase con sistema abref\u00e1cil y v\u00e1lvula de desgasificaci\u00f3n.<\/td>\n<\/tr>\n<tr>\n<th valign=\"top\">Material PET 100% reciclable<\/th>\n<td valign=\"top\">Envuelta de pl\u00e1stico 100% reciclable, material que conserva el aroma y evita la oxidaci\u00f3n y la humedad.<\/td>\n<\/tr>\n<tr>\n<th valign=\"top\">Formato log\u00edstico<\/th>\n<td valign=\"top\">1 kg.<\/td>\n<\/tr>\n<\/tbody>\n<\/table>\n<p><\/div><\/section><br \/>\n<section  id='cafe-negocio-4-1' class='productsquares step'><div class='container'><br \/>\n<div class='productsquare' itemscope itemtype='http:\/\/schema.org\/Product'><div class='productsquareimg' ><img src='\/wp-content\/uploads\/2023\/11\/ARABICA_1KG.png' itemprop='image' alt='100% AR\u00c1BICAS' \/><\/div><div class='productsquaretext'><h3 itemprop='name'>100% AR\u00c1BICAS<\/h3><span itemprop='description'><\/p>\n<p class=\"text-left\">Intenso y Arom\u00e1tico. Con unos granos de caf\u00e9 de gran tama\u00f1o y los mejores or\u00edgenes Suaves Lavados de Brasil y Colombias del mercado. Acidez marcada y ligeras notas afrutadas y a cacao. Tueste: 100% natural.<\/p>\n<table>\n<tbody>\n<tr>\n<th colspan=\"2\"><strong>Notas de cata:<\/strong><\/th>\n<\/tr>\n<tr>\n<th valign=\"top\">Aromas<\/th>\n<td valign=\"top\">Fruta madura y chocolate.<\/td>\n<\/tr>\n<tr>\n<th valign=\"top\">Cuerpo<\/th>\n<td valign=\"top\">Sedoso y suave.<\/td>\n<\/tr>\n<tr>\n<th valign=\"top\">Sabor<\/th>\n<td valign=\"top\">Acidez melosa, con notas c\u00edtricas, fruta madura y chocolate.<\/td>\n<\/tr>\n<tr>\n<th valign=\"top\">Postgusto<\/th>\n<td valign=\"top\">Profundo y agradable.<\/td>\n<\/tr>\n<\/tbody>\n<\/table>\n<p>\n<\/span><\/div><\/div><br \/>\n<div class='productsquare' itemscope itemtype='http:\/\/schema.org\/Product'><div class='productsquareimg' ><img src='\/wp-content\/uploads\/2023\/11\/EXTRA_1KG.png' itemprop='image' alt='EXTRA' \/><\/div><div class='productsquaretext'><h3 itemprop='name'>EXTRA<\/h3><span itemprop='description'><\/p>\n<p class=\"text-left\">Redondo y Equilibrado. El caf\u00e9 por excelencia de Caf\u00e9s Baqu\u00e9, equilibrado, redondo y muy elegante en boca. V\u00e1lido para cualquier tipo de presentaci\u00f3n. Tueste: 100% natural.<\/p>\n<table>\n<tbody>\n<tr>\n<th colspan=\"2\"><strong>Notas de cata:<\/strong><\/th>\n<\/tr>\n<tr>\n<th valign=\"top\">Aromas<\/th>\n<td valign=\"top\">Frutal y cacao.<\/td>\n<\/tr>\n<tr>\n<th valign=\"top\">Cuerpo<\/th>\n<td valign=\"top\">Denso y elegante.<\/td>\n<\/tr>\n<tr>\n<th valign=\"top\">Sabor<\/th>\n<td valign=\"top\">Acidez suave y amargor ligero, con notas herb\u00e1ceas, cacao y matices amaderados.<\/td>\n<\/tr>\n<tr>\n<th valign=\"top\">Postgusto<\/th>\n<td valign=\"top\">Terso y largo.<\/td>\n<\/tr>\n<\/tbody>\n<\/table>\n<p>\n<\/span><\/div><\/div><br \/>\n<\/div><\/section><br \/>\n<section  id='cafe-negocio-4-2' class='productsquares step'><div class='container'><br \/>\n<div class='productsquare' itemscope itemtype='http:\/\/schema.org\/Product'><div class='productsquareimg' ><img src='\/wp-content\/uploads\/2023\/11\/FIRENZE_1KG.png' itemprop='image' alt='FIRENZE' \/><\/div><div class='productsquaretext'><h3 itemprop='name'>FIRENZE<\/h3><span itemprop='description'><\/p>\n<p class=\"text-left\">Persistente y Robusto. Con or\u00edgenes de Colombia, Brasil e India, y un tueste que recuerda a los espressos italianos, conseguimos una taza densa y oscura, con crema fuerte y persistente. Tueste: 100% natural.<\/p>\n<table>\n<tbody>\n<tr>\n<th colspan=\"2\"><strong>Notas de cata:<\/strong><\/th>\n<\/tr>\n<tr>\n<th valign=\"top\">Aromas<\/th>\n<td valign=\"top\">Maderoso y cacao. Cuerpo Denso y sabroso.<\/td>\n<\/tr>\n<tr>\n<th valign=\"top\">Sabor<\/th>\n<td valign=\"top\">Acidez neutra, con notas a frutos secos y cacao.<\/td>\n<\/tr>\n<tr>\n<th valign=\"top\">Postgusto<\/th>\n<td valign=\"top\">Profundo y agradable.<\/td>\n<\/tr>\n<\/tbody>\n<\/table>\n<p>\n<\/span><\/div><\/div><br \/>\n<div class='productsquare' itemscope itemtype='http:\/\/schema.org\/Product'><div class='productsquareimg' ><img src='\/wp-content\/uploads\/2023\/11\/CREMA_1KG.png' itemprop='image' alt='CREMA' \/><\/div><div class='productsquaretext'><h3 itemprop='name'>CREMA<\/h3><span itemprop='description'><\/p>\n<p class=\"text-left\">Intenso y Cremoso. Un caf\u00e9 mezcla con resultado de una taza con mucho cuerpo y amargor, notas a chocolate y regusto a madera. Tueste: 75% natural, 25% torrefacto.<\/p>\n<table>\n<tbody>\n<tr>\n<th colspan=\"2\"><strong>Notas de cata:<\/strong><\/th>\n<\/tr>\n<tr>\n<th valign=\"top\">Aromas<\/th>\n<td valign=\"top\">Maderoso y fruto seco.<\/td>\n<\/tr>\n<tr>\n<th valign=\"top\">Cuerpo<\/th>\n<td valign=\"top\">Denso y oleoso.<\/td>\n<\/tr>\n<tr>\n<th valign=\"top\">Sabor<\/th>\n<td valign=\"top\">Amargor marcado, notas maderosas y cacao.<\/td>\n<\/tr>\n<tr>\n<th valign=\"top\">Postgusto<\/th>\n<td valign=\"top\">Conciso y ligeramente \u00e1spero.<\/td>\n<\/tr>\n<\/tbody>\n<\/table>\n<p>\n<\/span><\/div><\/div><br \/>\n<\/div><\/section><br \/>\n<section  id='cafe-negocio-4-3' class='productsquares step'><div class='container'><br \/>\n<div class='productsquare' itemscope itemtype='http:\/\/schema.org\/Product'><div class='productsquareimg' ><img src='\/wp-content\/uploads\/2023\/11\/DESCAFEINADO_1KG.png' itemprop='image' alt='DESCAFEINADO' \/><\/div><div class='productsquaretext'><h3 itemprop='name'>DESCAFEINADO<\/h3><span itemprop='description'><\/p>\n<p class=\"text-left\">Fino y Arom\u00e1tico. El descafeinado de cafetera por excelencia, fino y arom\u00e1tico. Imprescindible en cualquier negocio.<\/p>\n<table>\n<tbody>\n<tr>\n<th colspan=\"2\"><strong>Notas de cata:<\/strong><\/th>\n<\/tr>\n<tr>\n<th valign=\"top\">Aromas<\/th>\n<td valign=\"top\">Fruta madura y cacao.<\/td>\n<\/tr>\n<tr>\n<th valign=\"top\">Cuerpo<\/th>\n<td valign=\"top\">Jugoso y suave.<\/td>\n<\/tr>\n<tr>\n<th valign=\"top\">Sabor<\/th>\n<td valign=\"top\">Acidez melosa, con notas c\u00edtricas, fruta madura y chocolate.<\/td>\n<\/tr>\n<tr>\n<th valign=\"top\">Postgusto<\/th>\n<td valign=\"top\">Profundo y agradable.<\/td>\n<\/tr>\n<\/tbody>\n<\/table>\n<p>\n<\/span><\/div><\/div><br \/>\n<\/div><\/section><br \/>\n<div class='separator height150' ><\/div><br \/>\n<section  id='cafe-negocio-5' class='introtext step'><div class='container'><\/p>\n<h2>GAMA B\u00c1SICA<\/h2>\n<p class=\"text-center\">Cubrimos las necesidades de quienes buscan una gama m\u00e1s b\u00e1sica de caf\u00e9s, adaptada para negocios donde el precio es un elemento clave en la toma de decisiones. En Caf\u00e9s Baqu\u00e9 ponemos a tu alcance una gama de caf\u00e9s en grano y molidos de distintos tipos de tueste, desde naturales 100% hasta mezclas con un 35% de torrefacto.<\/p>\n<div class='separator height25' ><\/div>\n<table>\n<tbody>\n<tr>\n<th colspan=\"2\"><strong>Ficha T\u00e9cnica:<\/strong><\/th>\n<\/tr>\n<tr>\n<th valign=\"top\">Presentaci\u00f3n<\/th>\n<td valign=\"top\">Envase con sistema abref\u00e1cil y v\u00e1lvula de desgasificaci\u00f3n.<\/td>\n<\/tr>\n<tr>\n<th valign=\"top\">Material PET 100% reciclable<\/th>\n<td valign=\"top\">Envuelta de aluminio, material que conserva el aroma y evita la oxidaci\u00f3n y la humedad.<\/td>\n<\/tr>\n<tr>\n<th valign=\"top\">Formato log\u00edstico<\/th>\n<td valign=\"top\">1 kg.<\/td>\n<\/tr>\n<\/tbody>\n<\/table>\n<p><\/div><\/section><br \/>\n<section  id='cafe-negocio-5-1' class='productsquares step'><div class='container'><br \/>\n<div class='productsquare' itemscope itemtype='http:\/\/schema.org\/Product'><div class='productsquareimg' ><img src='\/wp-content\/uploads\/2023\/11\/SELECCION-GRANO_1KG.png' itemprop='image' alt='SELECCI\u00d3N GRANO' \/><\/div><div class='productsquaretext'><h3 itemprop='name'>SELECCI\u00d3N GRANO<\/h3><span itemprop='description'><\/p>\n<p class=\"text-left\">M\u00e1ximo rendimiento. Caf\u00e9s donde predominan or\u00edgenes africanos y asi\u00e1ticos y que contienen un mayor porcentaje de robustas, con los que conseguimos una taza m\u00e1s dura, fuerte y amarga. Un caf\u00e9 con la garant\u00eda de Caf\u00e9s Baqu\u00e9 al mejor precio.<\/p>\n<div class='separator height25' ><\/div>\n<table>\n<tbody>\n<tr>\n<th><strong>Gama<\/strong><\/th>\n<th style=\"text-align: right;\" align=\"right\"><strong>Intensidad<\/strong><\/th>\n<\/tr>\n<tr>\n<th valign=\"top\">100% Natural<\/th>\n<td align=\"right\" valign=\"top\">3.5 <span class=\"circle\"><\/span><span class=\"circle\"><\/span><span class=\"circle\"><\/span><span class=\"circle circle05\"><\/span><span class=\"circle circle0\"><\/span><\/td>\n<\/tr>\n<tr>\n<th valign=\"top\">65% Natural<br \/>\n35% Torrefacto<\/th>\n<td align=\"right\" valign=\"bottom\">4.25 <span class=\"circle\"><\/span><span class=\"circle\"><\/span><span class=\"circle\"><\/span><span class=\"circle\"><\/span><span class=\"circle circle025\"><\/span><\/td>\n<\/tr>\n<tr>\n<th valign=\"top\">80% Natural<br \/>\n20% Torrefacto<\/th>\n<td align=\"right\" valign=\"bottom\">4 <span class=\"circle\"><\/span><span class=\"circle\"><\/span><span class=\"circle\"><\/span><span class=\"circle\"><\/span><span class=\"circle circle0\"><\/span><\/td>\n<\/tr>\n<tr>\n<th valign=\"top\">Descafeinado<\/th>\n<td align=\"right\" valign=\"top\">3 <span class=\"circle\"><\/span><span class=\"circle\"><\/span><span class=\"circle\"><\/span><span class=\"circle circle0\"><\/span><span class=\"circle circle0\"><\/span><\/td>\n<\/tr>\n<\/tbody>\n<\/table>\n<p>\n<\/span><\/div><\/div><br \/>\n<div class='productsquare' itemscope itemtype='http:\/\/schema.org\/Product'><div class='productsquareimg' ><img src='\/wp-content\/uploads\/2023\/11\/DOYPACK-MOLIDO-1Kg-01-1-scaled.jpg' itemprop='image' alt='SELECCI\u00d3N MOLIDO' \/><\/div><div class='productsquaretext'><h3 itemprop='name'>SELECCI\u00d3N MOLIDO<\/h3><span itemprop='description'><\/p>\n<p class=\"text-left\">M\u00e1ximo rendimiento. Soluciones especiales y adaptadas a la demanda de nuestros clientes. Recomendado para negocios donde en determinados momentos es importante un servicio de caf\u00e9 r\u00e1pido y con garant\u00edas de una buena taza de caf\u00e9.<\/p>\n<div class='separator height25' ><\/div>\n<table>\n<tbody>\n<tr>\n<th><strong>Gama<\/strong><\/th>\n<th style=\"text-align: right;\" align=\"right\"><strong>Intensidad<\/strong><\/th>\n<\/tr>\n<tr>\n<th valign=\"top\">100% Natural<\/th>\n<td align=\"right\" valign=\"top\">3.5 <span class=\"circle\"><\/span><span class=\"circle\"><\/span><span class=\"circle\"><\/span><span class=\"circle circle05\"><\/span><span class=\"circle circle0\"><\/span><\/td>\n<\/tr>\n<tr>\n<th valign=\"top\">65% Natural<br \/>\n35% Torrefacto<\/th>\n<td align=\"right\" valign=\"bottom\">4.25 <span class=\"circle\"><\/span><span class=\"circle\"><\/span><span class=\"circle\"><\/span><span class=\"circle\"><\/span><span class=\"circle circle025\"><\/span><\/td>\n<\/tr>\n<tr>\n<th valign=\"top\">80% Natural<br \/>\n20% Torrefacto<\/th>\n<td align=\"right\" valign=\"bottom\">4 <span class=\"circle\"><\/span><span class=\"circle\"><\/span><span class=\"circle\"><\/span><span class=\"circle\"><\/span><span class=\"circle circle0\"><\/span><\/td>\n<\/tr>\n<tr>\n<th valign=\"top\">Descafeinado<\/th>\n<td align=\"right\" valign=\"top\">3 <span class=\"circle\"><\/span><span class=\"circle\"><\/span><span class=\"circle\"><\/span><span class=\"circle circle0\"><\/span><span class=\"circle circle0\"><\/span><\/td>\n<\/tr>\n<\/tbody>\n<\/table>\n<p>\n<\/span><\/div><\/div><br \/>\n<\/div><\/section><br \/>\n<div class='separator height150' ><\/div><br \/>\n<section  id='cafe-negocio-6' class='introtext step'><div class='container'><\/p>\n<h2>C\u00c1PSULAS BLUE BARISTA<\/h2>\n<p class=\"text-center\">Las nuevas c\u00e1psulas Blue Barista de Caf\u00e9s Baqu\u00e9 te permiten disfrutar de un espresso siempre perfecto. Un c\u00f3modo sistema con el que podr\u00e1s ofrecer a tus clientes la variedad m\u00e1s exquisita de blends sin mermas ni desperdicios para un perfecto control de consumo en cada momento.<\/p>\n<div class='separator height25' ><\/div>\n<table>\n<tbody>\n<tr>\n<th colspan=\"2\"><strong>Ficha T\u00e9cnica:<\/strong><\/th>\n<\/tr>\n<tr>\n<th valign=\"top\">Presentaci\u00f3n<\/th>\n<td valign=\"top\">Caja de cart\u00f3n con c\u00e1psulas .<\/td>\n<\/tr>\n<tr>\n<th valign=\"top\">Material<\/th>\n<td valign=\"top\">C\u00e1psula barrera que evita envueltas de pl\u00e1stico innecesarias.<\/td>\n<\/tr>\n<tr>\n<th valign=\"top\">Formato log\u00edstico<\/th>\n<td valign=\"top\">Estuche de cart\u00f3n de 60 uds.<\/td>\n<\/tr>\n<\/tbody>\n<\/table>\n<p><\/div><\/section><br \/>\n<section  id='cafe-negocio-6-1' class='productsquares step'><div class='container'><br \/>\n<div class='productsquare' itemscope itemtype='http:\/\/schema.org\/Product'><div class='productsquareimg' ><img src='\/wp-content\/uploads\/2019\/07\/soft.jpg' itemprop='image' alt='SOFT 100% AR\u00c1BICAS' \/><\/div><div class='productsquaretext'><h3 itemprop='name'>SOFT 100% AR\u00c1BICAS<\/h3><span itemprop='description'><\/p>\n<p class=\"text-left\">Un caf\u00e9 arom\u00e1tico de tueste 100% natural, elaborado con los mejores or\u00edgenes Suaves lavados de Brasil y Colombia del mercado. Un caf\u00e9 sedoso con acidez marcada y ligeras notas afrutadas y a cacao.<\/p>\n<table>\n<tbody>\n<tr>\n<th colspan=\"2\"><strong>Notas de cata:<\/strong><\/th>\n<\/tr>\n<tr>\n<th valign=\"top\">Aromas<\/th>\n<td valign=\"top\">Fruta madura y chocolate.<\/td>\n<\/tr>\n<tr>\n<th valign=\"top\">Cuerpo<\/th>\n<td valign=\"top\">Sedoso y suave.<\/td>\n<\/tr>\n<tr>\n<th valign=\"top\">Sabor<\/th>\n<td valign=\"top\">Acidez melosa, con notas c\u00edtricas,<\/p>\n<p>fruta madura y chocolate.<\/td>\n<\/tr>\n<tr>\n<th valign=\"top\">Postgusto<\/th>\n<td valign=\"top\">Profundo y agradable.<\/td>\n<\/tr>\n<\/tbody>\n<\/table>\n<p>\n<\/span><\/div><\/div><br \/>\n<div class='productsquare' itemscope itemtype='http:\/\/schema.org\/Product'><div class='productsquareimg' ><img src='\/wp-content\/uploads\/2019\/07\/medium.jpg' itemprop='image' alt='MEDIUM FIRENZE' \/><\/div><div class='productsquaretext'><h3 itemprop='name'>MEDIUM FIRENZE<\/h3><span itemprop='description'><\/p>\n<p class=\"text-left\">Un caf\u00e9 persistente y sabroso de tueste 100% natural. Elaborado con or\u00edgenes de Am\u00e9rica del Sur e India y un tueste que recuerda a los espressos italianos para conseguir una taza densa y agradable, con crema fuerte y persistente.<\/p>\n<table>\n<tbody>\n<tr>\n<th colspan=\"2\"><strong>Notas de cata:<\/strong><\/th>\n<\/tr>\n<tr>\n<th valign=\"top\">Aromas<\/th>\n<td valign=\"top\">Maderoso y cacao.<\/td>\n<\/tr>\n<tr>\n<th valign=\"top\">Cuerpo<\/th>\n<td valign=\"top\">Denso y sabroso.<\/td>\n<\/tr>\n<tr>\n<th valign=\"top\">Sabor<\/th>\n<td valign=\"top\">Acidez neutra, con notas a frutos secos y cacao.<\/td>\n<\/tr>\n<tr>\n<th valign=\"top\">Postgusto<\/th>\n<td valign=\"top\">Profundo y agradable.<\/td>\n<\/tr>\n<\/tbody>\n<\/table>\n<p>\n<\/span><\/div><\/div><br \/>\n<\/div><\/section><br \/>\n<section  id='cafe-negocio-6-2' class='productsquares step'><div class='container'><br \/>\n<div class='productsquare' itemscope itemtype='http:\/\/schema.org\/Product'><div class='productsquareimg' ><img src='\/wp-content\/uploads\/2019\/07\/black.jpg' itemprop='image' alt='BLACK VARANASI' \/><\/div><div class='productsquaretext'><h3 itemprop='name'>BLACK VARANASI<\/h3><span itemprop='description'><\/p>\n<p class=\"text-left\">Un caf\u00e9 de cuerpo intenso y rico en contrastes de tueste 100% natural. Elaborado mediante una compleja mezcla de ricos Ar\u00e1bicas de Am\u00e9rica del Sur con robustas de gran personalidad.<\/p>\n<table>\n<tbody>\n<tr>\n<th colspan=\"2\"><strong>Notas de cata:<\/strong><\/th>\n<\/tr>\n<tr>\n<th valign=\"top\">Aromas<\/th>\n<td valign=\"top\">Frutos secos y madera.<\/td>\n<\/tr>\n<tr>\n<th valign=\"top\">Cuerpo<\/th>\n<td valign=\"top\">Denso y oleoso.<\/td>\n<\/tr>\n<tr>\n<th valign=\"top\">Sabor<\/th>\n<td valign=\"top\">Notas a frutos secos y cacao, con suaves notas pajizas.<\/td>\n<\/tr>\n<tr>\n<th valign=\"top\">Postgusto<\/th>\n<td valign=\"top\">Profundo y persistente.<\/td>\n<\/tr>\n<\/tbody>\n<\/table>\n<p>\n<\/span><\/div><\/div><br \/>\n<div class='productsquare' itemscope itemtype='http:\/\/schema.org\/Product'><div class='productsquareimg' ><img src='\/wp-content\/uploads\/2019\/07\/descaf.jpg' itemprop='image' alt='DESCAFEINADO' \/><\/div><div class='productsquaretext'><h3 itemprop='name'>DESCAFEINADO<\/h3><span itemprop='description'><\/p>\n<p class=\"text-left\">Un caf\u00e9 de car\u00e1cter y toques achocolatados de tueste 100% natural. Elaborado con un blend que nace de una selecci\u00f3n de selectos caf\u00e9s Ar\u00e1bicas y Robustas descafeinados.<\/p>\n<table>\n<tbody>\n<tr>\n<th colspan=\"2\"><strong>Notas de cata:<\/strong><\/th>\n<\/tr>\n<tr>\n<th valign=\"top\">Aromas<\/th>\n<td valign=\"top\">Fruta madura y cacao.<\/td>\n<\/tr>\n<tr>\n<th valign=\"top\">Cuerpo<\/th>\n<td valign=\"top\">Jugoso y suave.<\/td>\n<\/tr>\n<tr>\n<th valign=\"top\">Sabor<\/th>\n<td valign=\"top\">Acidez melosa, con notas c\u00edtricas, fruta madura y chocolate.<\/td>\n<\/tr>\n<tr>\n<th valign=\"top\">Postgusto<\/th>\n<td valign=\"top\">Profundo y agradable.<\/td>\n<\/tr>\n<\/tbody>\n<\/table>\n<p>\n<\/span><\/div><\/div><br \/>\n<\/div><\/section><br \/>\n<section  id='cafe-negocio-6-3' class='productsquares step'><div class='container'><br \/>\n<div class='productsquare horizontal' itemscope itemtype='http:\/\/schema.org\/Product'><div class='productsquareimg' ><img src='\/wp-content\/uploads\/2022\/11\/blue-eco-natural.png' itemprop='image' alt='ECOL\u00d3GICO NATURAL' \/><\/div><div class='productsquaretext'><h3 itemprop='name'>ECOL\u00d3GICO NATURAL<\/h3><span itemprop='description'><\/p>\n<p class=\"text-left\">Un caf\u00e9 cl\u00e1sico y equilibrado de tueste 100% natural, con cuerpo denso, sedoso y textura cremosa. Una taza con aroma intenso y notas a cacao.<\/p>\n<table>\n<tbody>\n<tr>\n<th colspan=\"2\"><strong>Notas de cata:<\/strong><\/th>\n<\/tr>\n<tr>\n<th valign=\"top\">Aromas<\/th>\n<td valign=\"top\">Fruta, cacao y ligeras notas a madera.<\/td>\n<\/tr>\n<tr>\n<th valign=\"top\">Cuerpo<\/th>\n<td valign=\"top\">Denso y elegante.<\/td>\n<\/tr>\n<tr>\n<th valign=\"top\">Sabor<\/th>\n<td valign=\"top\">Acidez suave y amargor ligero, con notas herb\u00e1ceas y a cacao.<\/td>\n<\/tr>\n<tr>\n<th valign=\"top\">Postgusto<\/th>\n<td valign=\"top\">Terso y largo.<\/td>\n<\/tr>\n<\/tbody>\n<\/table>\n<p>\n<\/span><\/div><\/div><br \/>\n<div class='productsquare horizontal' itemscope itemtype='http:\/\/schema.org\/Product'><div class='productsquareimg' ><img src='\/wp-content\/uploads\/2022\/11\/blue-eco-descafeinado.png' itemprop='image' alt='ECOL\u00d3GICO DESCAFEINADO' \/><\/div><div class='productsquaretext'><h3 itemprop='name'>ECOL\u00d3GICO DESCAFEINADO<\/h3><span itemprop='description'><\/p>\n<p class=\"text-left\">Un caf\u00e9 equilibrado con notas a cacao y avellana de tueste 100% natural, elaborado con granos procedentes de Am\u00e9rica del Sur, que presenta una taza dulce con cuerpo agradable.<\/p>\n<table>\n<tbody>\n<tr>\n<th colspan=\"2\"><strong>Notas de cata:<\/strong><\/th>\n<\/tr>\n<tr>\n<th valign=\"top\">Aromas<\/th>\n<td valign=\"top\">Cacao y ligeras notas a mantequilla dulce.<\/td>\n<\/tr>\n<tr>\n<th valign=\"top\">Cuerpo<\/th>\n<td valign=\"top\">Densidad media y textura limpia.<\/td>\n<\/tr>\n<tr>\n<th valign=\"top\">Sabor<\/th>\n<td valign=\"top\">Acidez moderada y final de amargor medio, con notas a cacao y avellana.<\/td>\n<\/tr>\n<tr>\n<th valign=\"top\">Postgusto<\/th>\n<td valign=\"top\">Saliva y perdura en boca.<\/td>\n<\/tr>\n<\/tbody>\n<\/table>\n<p>\n<\/span><\/div><\/div><br \/>\n<\/div><\/section><br \/>\n<div class='separator height150' ><\/div><br \/>\n<section  id='cafe-negocio-7' class='introtext step'><div class='container'><\/p>\n<h2>C\u00c1PSULAS BLUE BARISTA DOBLES<\/h2>\n<p class=\"text-center\">Las nuevas c\u00e1psulas Blue Barista dobles de Caf\u00e9s Baqu\u00e9 te permiten disfrutar de un espresso siempre perfecto. Un c\u00f3modo sistema con el que podr\u00e1s ofrecer la variedad m\u00e1s exquisita de blends sin mermas ni desperdicios para un perfecto control de consumo en cada momento. Ahora adem\u00e1s, en formato doble.<\/p>\n<div class='separator height25' ><\/div>\n<table>\n<tbody>\n<tr>\n<th colspan=\"2\"><strong>Ficha T\u00e9cnica:<\/strong><\/th>\n<\/tr>\n<tr>\n<th valign=\"top\">Presentaci\u00f3n<\/th>\n<td valign=\"top\">Caja de cart\u00f3n con c\u00e1psulas .<\/td>\n<\/tr>\n<tr>\n<th valign=\"top\">Material<\/th>\n<td valign=\"top\">C\u00e1psula barrera que evita envueltas de pl\u00e1stico innecesarias.<\/td>\n<\/tr>\n<tr>\n<th valign=\"top\">Formato log\u00edstico<\/th>\n<td valign=\"top\">Estuche de cart\u00f3n de 60 uds.<\/td>\n<\/tr>\n<\/tbody>\n<\/table>\n<p><\/div><\/section><br \/>\n<section  id='cafe-negocio-6-1' class='productsquares step'><div class='container'><br \/>\n<div class='productsquare' itemscope itemtype='http:\/\/schema.org\/Product'><div class='productsquareimg' ><img src='\/wp-content\/uploads\/2020\/05\/soft-barista-doble-1.jpg' itemprop='image' alt='SOFT 100% AR\u00c1BICAS' \/><\/div><div class='productsquaretext'><h3 itemprop='name'>SOFT 100% AR\u00c1BICAS<\/h3><span itemprop='description'><\/p>\n<p class=\"text-left\">Un caf\u00e9 arom\u00e1tico de tueste 100% natural, elaborado con los mejores or\u00edgenes Suaves lavados de Brasil y Colombia del mercado. Un caf\u00e9 sedoso con acidez marcada y ligeras notas afrutadas y a cacao.<\/p>\n<table>\n<tbody>\n<tr>\n<th colspan=\"2\"><strong>Notas de cata:<\/strong><\/th>\n<\/tr>\n<tr>\n<th valign=\"top\">Aromas<\/th>\n<td valign=\"top\">Fruta madura y chocolate.<\/td>\n<\/tr>\n<tr>\n<th valign=\"top\">Cuerpo<\/th>\n<td valign=\"top\">Sedoso y suave.<\/td>\n<\/tr>\n<tr>\n<th valign=\"top\">Sabor<\/th>\n<td valign=\"top\">Acidez melosa, con notas c\u00edtricas,<\/p>\n<p>fruta madura y chocolate.<\/td>\n<\/tr>\n<tr>\n<th valign=\"top\">Postgusto<\/th>\n<td valign=\"top\">Profundo y agradable.<\/td>\n<\/tr>\n<\/tbody>\n<\/table>\n<p>\n<\/span><\/div><\/div><br \/>\n<div class='productsquare' itemscope itemtype='http:\/\/schema.org\/Product'><div class='productsquareimg' ><img src='\/wp-content\/uploads\/2020\/05\/firenze-barista-doble.jpg' itemprop='image' alt='MEDIUM FIRENZE' \/><\/div><div class='productsquaretext'><h3 itemprop='name'>MEDIUM FIRENZE<\/h3><span itemprop='description'><\/p>\n<p class=\"text-left\">Un caf\u00e9 persistente y sabroso de tueste 100% natural. Elaborado con or\u00edgenes de Am\u00e9rica del Sur e India y un tueste que recuerda a los espressos italianos para conseguir una taza densa y agradable, con crema fuerte y persistente.<\/p>\n<table>\n<tbody>\n<tr>\n<th colspan=\"2\"><strong>Notas de cata:<\/strong><\/th>\n<\/tr>\n<tr>\n<th valign=\"top\">Aromas<\/th>\n<td valign=\"top\">Maderoso y cacao.<\/td>\n<\/tr>\n<tr>\n<th valign=\"top\">Cuerpo<\/th>\n<td valign=\"top\">Denso y sabroso.<\/td>\n<\/tr>\n<tr>\n<th valign=\"top\">Sabor<\/th>\n<td valign=\"top\">Acidez neutra, con notas a frutos secos y cacao.<\/td>\n<\/tr>\n<tr>\n<th valign=\"top\">Postgusto<\/th>\n<td valign=\"top\">Profundo y agradable.<\/td>\n<\/tr>\n<\/tbody>\n<\/table>\n<p>\n<\/span><\/div><\/div><br \/>\n<\/div><\/section><br \/>\n<section  id='cafe-negocio-6-3' class='productsquares step'><div class='container'><br \/>\n<div class='productsquare horizontal' itemscope itemtype='http:\/\/schema.org\/Product'><div class='productsquareimg' ><img src='\/wp-content\/uploads\/2022\/11\/blue-eco-natural-doble.png' itemprop='image' alt='ECOL\u00d3GICO NATURAL' \/><\/div><div class='productsquaretext'><h3 itemprop='name'>ECOL\u00d3GICO NATURAL<\/h3><span itemprop='description'><\/p>\n<p class=\"text-left\">Un caf\u00e9 cl\u00e1sico y equilibrado de tueste 100% natural, con cuerpo denso, sedoso y textura cremosa. Una taza con aroma intenso y notas a cacao.<\/p>\n<table>\n<tbody>\n<tr>\n<th colspan=\"2\"><strong>Notas de cata:<\/strong><\/th>\n<\/tr>\n<tr>\n<th valign=\"top\">Aromas<\/th>\n<td valign=\"top\">Fruta, cacao y ligeras notas a madera.<\/td>\n<\/tr>\n<tr>\n<th valign=\"top\">Cuerpo<\/th>\n<td valign=\"top\">Denso y elegante.<\/td>\n<\/tr>\n<tr>\n<th valign=\"top\">Sabor<\/th>\n<td valign=\"top\">Acidez suave y amargor ligero, con notas herb\u00e1ceas y a cacao.<\/td>\n<\/tr>\n<tr>\n<th valign=\"top\">Postgusto<\/th>\n<td valign=\"top\">Terso y largo.<\/td>\n<\/tr>\n<\/tbody>\n<\/table>\n<p>\n<\/span><\/div><\/div><br \/>\n<div class='productsquare horizontal' itemscope itemtype='http:\/\/schema.org\/Product'><div class='productsquareimg' ><img src='\/wp-content\/uploads\/2022\/11\/blue-eco-descafeinado-doble.png' itemprop='image' alt='ECOL\u00d3GICO DESCAFEINADO' \/><\/div><div class='productsquaretext'><h3 itemprop='name'>ECOL\u00d3GICO DESCAFEINADO<\/h3><span itemprop='description'><\/p>\n<p class=\"text-left\">Un caf\u00e9 equilibrado con notas a cacao y avellana de tueste 100% natural, elaborado con granos procedentes de Am\u00e9rica del Sur, que presenta una taza dulce con cuerpo agradable.<\/p>\n<table>\n<tbody>\n<tr>\n<th colspan=\"2\"><strong>Notas de cata:<\/strong><\/th>\n<\/tr>\n<tr>\n<th valign=\"top\">Aromas<\/th>\n<td valign=\"top\">Cacao y ligeras notas a mantequilla dulce.<\/td>\n<\/tr>\n<tr>\n<th valign=\"top\">Cuerpo<\/th>\n<td valign=\"top\">Densidad media y textura limpia.<\/td>\n<\/tr>\n<tr>\n<th valign=\"top\">Sabor<\/th>\n<td valign=\"top\">Acidez moderada y final de amargor medio, con notas a cacao y avellana.<\/td>\n<\/tr>\n<tr>\n<th valign=\"top\">Postgusto<\/th>\n<td valign=\"top\">Saliva y perdura en boca.<\/td>\n<\/tr>\n<\/tbody>\n<\/table>\n<p>\n<\/span><\/div><\/div><br \/>\n<\/div><\/section><br \/>\n<div class='separator height150' ><\/div><br \/>\n<section  id='cafe-negocio-7' class='introtext step'><div class='container'><\/p>\n<h2>SOLUCIONES INSTANT\u00c1NEAS<\/h2>\n<p class=\"text-center\">Soluciones r\u00e1pidas y de f\u00e1cil preparaci\u00f3n que presentamos en diferentes formatos, perfectas para aquellos negocios que necesitan un servicio \u00e1gil y eficaz en determinados momentos.<\/p>\n<p class=\"text-center\">Caf\u00e9s Baqu\u00e9 pone a tu alcance los mejores solubles del mercado, tanto naturales como descafeinados, que se presentan en envases c\u00f3modos, resistentes y f\u00e1ciles de almacenar.<\/p>\n<p><\/div><\/section><br \/>\n<section  id='cafe-negocio-7-1' class='productsquares step'><div class='container'><br \/>\n<div class='productsquare' itemscope itemtype='http:\/\/schema.org\/Product'><div class='productsquareimg' ><img src='\/wp-content\/uploads\/2023\/12\/Natural-soluble-frontal-1-scaled.jpg' itemprop='image' alt='SOLUBLE NATURAL' \/><\/div><div class='productsquaretext'><h3 itemprop='name'>SOLUBLE NATURAL<\/h3><span itemprop='description'><\/p>\n<p class=\"text-left\">Un caf\u00e9 con gran aroma, perfecto para tomarlo tambi\u00e9n con leche. Muy f\u00e1cil de preparar gracias a su r\u00e1pida disoluci\u00f3n. Disponible en un envase de PET; un pl\u00e1stico de alta calidad con muchas ventajas: pesa once veces menos que el vidrio, es irrompible, reciclable, seguro y respetuoso con el medioambiente.<\/p>\n<div class='separator height25' ><\/div>\n<table>\n<tbody>\n<tr>\n<th colspan=\"2\"><strong>Ficha T\u00e9cnica:<\/strong><\/th>\n<\/tr>\n<tr>\n<th valign=\"top\">Presentaci\u00f3n<\/th>\n<td valign=\"top\">Envase PET.<\/td>\n<\/tr>\n<tr>\n<th valign=\"top\">Formato log\u00edstico<\/th>\n<td valign=\"top\">200 g.<\/td>\n<\/tr>\n<\/tbody>\n<\/table>\n<p>\n<\/span><\/div><\/div><br \/>\n<div class='productsquare' itemscope itemtype='http:\/\/schema.org\/Product'><div class='productsquareimg' ><img src='\/wp-content\/uploads\/2018\/06\/Descafeinado-soluble-frontal-scaled.jpg' itemprop='image' alt='SOLUBLE DESCAFEINADO' \/><\/div><div class='productsquaretext'><h3 itemprop='name'>SOLUBLE DESCAFEINADO<\/h3><span itemprop='description'><\/p>\n<p class=\"text-left\">Para qui\u00e9n no quiere renunciar del sabor del caf\u00e9, con todas las ventajas del descafeinado. Disponible en un envase de PET un pl\u00e1stico de alta calidad con muchas ventajas.<\/p>\n<div class='separator height25' ><\/div>\n<table>\n<tbody>\n<tr>\n<th colspan=\"2\"><strong>Ficha T\u00e9cnica:<\/strong><\/th>\n<\/tr>\n<tr>\n<th valign=\"top\">Presentaci\u00f3n<\/th>\n<td valign=\"top\">Envase PET.<\/td>\n<\/tr>\n<tr>\n<th valign=\"top\">Formato log\u00edstico<\/th>\n<td valign=\"top\">200 g.<\/td>\n<\/tr>\n<\/tbody>\n<\/table>\n<p>\n<\/span><\/div><\/div><br \/>\n<\/div><\/section><br \/>\n<section  id='cafe-negocio-7-2' class='productsquares step'><div class='container'><\/p>\n<div class='productsquare' itemscope itemtype='http:\/\/schema.org\/Product'><div class='productsquareimg' ><img src='\/wp-content\/themes\/baque\/img\/productos\/soluble-sobre-baque.jpg' itemprop='image' alt='SOLUBLE EN SOBRE' \/><\/div><div class='productsquaretext'><h3 itemprop='name'>SOLUBLE EN SOBRE<\/h3><span itemprop='description'><\/p>\n<p class=\"text-left\">Estuche expositor de dise\u00f1o actual, con sobres individuales de caf\u00e9 soluble. Un c\u00f3modo sistema para poder disponer de los sobres de una manera r\u00e1pida y f\u00e1cil.<\/p>\n<div class='separator height25' ><\/div>\n<table>\n<tbody>\n<tr>\n<th colspan=\"2\"><strong>Ficha T\u00e9cnica:<\/strong><\/th>\n<\/tr>\n<tr>\n<th valign=\"top\">Presentaci\u00f3n<\/th>\n<td valign=\"top\">Estuche de cart\u00f3n.<\/td>\n<\/tr>\n<tr>\n<th valign=\"top\">Formato log\u00edstico<\/th>\n<td valign=\"top\">100 sobres de 2 g.<\/td>\n<\/tr>\n<\/tbody>\n<\/table>\n<p>\n<\/span><\/div><\/div>\n<div class='productsquare' itemscope itemtype='http:\/\/schema.org\/Product'><div class='productsquareimg' ><img src='\/wp-content\/themes\/baque\/img\/productos\/stick-descafeinado-baque.jpg' itemprop='image' alt='STICK DESCAFEINADO' \/><\/div><div class='productsquaretext'><h3 itemprop='name'>STICK DESCAFEINADO<\/h3><span itemprop='description'><\/p>\n<p class=\"text-left\">Sometido a un proceso de descafeinizaci\u00f3n que respeta al m\u00e1ximo las caracter\u00edsticas organol\u00e9pticas originales.<\/p>\n<div class='separator height25' ><\/div>\n<table>\n<tbody>\n<tr>\n<th colspan=\"2\"><strong>Ficha T\u00e9cnica:<\/strong><\/th>\n<\/tr>\n<tr>\n<th valign=\"top\">Presentaci\u00f3n<\/th>\n<td valign=\"top\">Estuche con sobres individuales.<\/td>\n<\/tr>\n<tr>\n<th valign=\"top\">Formato log\u00edstico<\/th>\n<td valign=\"top\">10 sobres de 2 g.<\/td>\n<\/tr>\n<\/tbody>\n<\/table>\n<p>\n<\/span><\/div><\/div>\n<p><\/div><\/section><br \/>\n<div class='separator height50' ><\/div><br \/>\n<section  id='mas-informacion'><div class='container'><\/p>\n<h3>SOLICITA AHORA M\u00c1S INFORMACI\u00d3N SIN COMPROMISO.<\/h3>\n<p><a href='https:\/\/www.baque.com\/es\/contacto\/' class='button '>M\u00c1S INFORMACI\u00d3N<\/a><br \/>\n<\/div><\/section><\/p>\n","protected":false},"excerpt":{"rendered":"","protected":false},"author":1,"featured_media":0,"parent":639,"menu_order":10,"comment_status":"closed","ping_status":"closed","template":"","meta":{"_acf_changed":false,"footnotes":""},"class_list":["post-904","page","type-page","status-publish","hentry"],"acf":[],"yoast_head":"<!-- This site is optimized with the Yoast SEO plugin v27.3 - https:\/\/yoast.com\/product\/yoast-seo-wordpress\/ -->\n<title>Caf\u00e9 para hosteler\u00eda | L\u00edderes en caf\u00e9 para bares y restauraci\u00f3n | Caf\u00e9s Baqu\u00e9<\/title>\n<meta name=\"description\" content=\"Los caf\u00e9s de siempre pensados para cada negocio y consumidor. Caf\u00e9s Baqu\u00e9 es l\u00edder en hosteler\u00eda y asegura uniformidad en cada taza de caf\u00e9, gracias al tueste homog\u00e9neo que garantiza al m\u00e1ximo el sabor de cada origen.\" \/>\n<meta name=\"robots\" content=\"index, follow, max-snippet:-1, max-image-preview:large, max-video-preview:-1\" \/>\n<meta property=\"og:locale\" content=\"es_ES\" \/>\n<meta property=\"og:type\" content=\"article\" \/>\n<meta property=\"og:title\" content=\"Caf\u00e9 para hosteler\u00eda | L\u00edderes en caf\u00e9 para bares y restauraci\u00f3n | Caf\u00e9s Baqu\u00e9\" \/>\n<meta property=\"og:description\" content=\"Los caf\u00e9s de siempre pensados para cada negocio y consumidor. Caf\u00e9s Baqu\u00e9 es l\u00edder en hosteler\u00eda y asegura uniformidad en cada taza de caf\u00e9, gracias al tueste homog\u00e9neo que garantiza al m\u00e1ximo el sabor de cada origen.\" \/>\n<meta property=\"og:url\" content=\"https:\/\/www.baque.com\/es\/para-hosteleria\/cafe\/\" \/>\n<meta property=\"og:site_name\" content=\"Caf\u00e9s Baqu\u00e9\" \/>\n<meta property=\"article:modified_time\" content=\"2023-12-05T11:52:45+00:00\" \/>\n<meta name=\"twitter:card\" content=\"summary_large_image\" \/>\n<meta name=\"twitter:label1\" content=\"Tiempo de lectura\" \/>\n\t<meta name=\"twitter:data1\" content=\"13 minutos\" \/>\n<script type=\"application\/ld+json\" class=\"yoast-schema-graph\">{\"@context\":\"https:\\\/\\\/schema.org\",\"@graph\":[{\"@type\":\"WebPage\",\"@id\":\"https:\\\/\\\/www.baque.com\\\/es\\\/para-hosteleria\\\/cafe\\\/\",\"url\":\"https:\\\/\\\/www.baque.com\\\/es\\\/para-hosteleria\\\/cafe\\\/\",\"name\":\"Caf\u00e9 para hosteler\u00eda | L\u00edderes en caf\u00e9 para bares y restauraci\u00f3n | Caf\u00e9s Baqu\u00e9\",\"isPartOf\":{\"@id\":\"https:\\\/\\\/www.baque.com\\\/es\\\/#website\"},\"datePublished\":\"2018-02-07T14:03:53+00:00\",\"dateModified\":\"2023-12-05T11:52:45+00:00\",\"description\":\"Los caf\u00e9s de siempre pensados para cada negocio y consumidor. Caf\u00e9s Baqu\u00e9 es l\u00edder en hosteler\u00eda y asegura uniformidad en cada taza de caf\u00e9, gracias al tueste homog\u00e9neo que garantiza al m\u00e1ximo el sabor de cada origen.\",\"breadcrumb\":{\"@id\":\"https:\\\/\\\/www.baque.com\\\/es\\\/para-hosteleria\\\/cafe\\\/#breadcrumb\"},\"inLanguage\":\"es\",\"potentialAction\":[{\"@type\":\"ReadAction\",\"target\":[\"https:\\\/\\\/www.baque.com\\\/es\\\/para-hosteleria\\\/cafe\\\/\"]}]},{\"@type\":\"BreadcrumbList\",\"@id\":\"https:\\\/\\\/www.baque.com\\\/es\\\/para-hosteleria\\\/cafe\\\/#breadcrumb\",\"itemListElement\":[{\"@type\":\"ListItem\",\"position\":1,\"name\":\"Portada\",\"item\":\"https:\\\/\\\/www.baque.com\\\/es\\\/\"},{\"@type\":\"ListItem\",\"position\":2,\"name\":\"Soluciones para tu negocio\",\"item\":\"https:\\\/\\\/www.baque.com\\\/es\\\/para-hosteleria\\\/\"},{\"@type\":\"ListItem\",\"position\":3,\"name\":\"Caf\u00e9 para hosteler\u00eda\"}]},{\"@type\":\"WebSite\",\"@id\":\"https:\\\/\\\/www.baque.com\\\/es\\\/#website\",\"url\":\"https:\\\/\\\/www.baque.com\\\/es\\\/\",\"name\":\"Caf\u00e9s Baqu\u00e9\",\"description\":\"Somos l\u00edderes en hosteler\u00eda en Pa\u00eds Vasco y La Rioja y una de las marcas m\u00e1s reconocidas en el mercado nacional. Somos una empresa familiar en constante innovaci\u00f3n en el producto. Tostamos y distribuimos caf\u00e9 molido, en grano y c\u00e1psulas para disfrutar en casa, en el bar y en la oficina.\",\"potentialAction\":[{\"@type\":\"SearchAction\",\"target\":{\"@type\":\"EntryPoint\",\"urlTemplate\":\"https:\\\/\\\/www.baque.com\\\/es\\\/?s={search_term_string}\"},\"query-input\":{\"@type\":\"PropertyValueSpecification\",\"valueRequired\":true,\"valueName\":\"search_term_string\"}}],\"inLanguage\":\"es\"}]}<\/script>\n<!-- \/ Yoast SEO plugin. -->","yoast_head_json":{"title":"Caf\u00e9 para hosteler\u00eda | L\u00edderes en caf\u00e9 para bares y restauraci\u00f3n | Caf\u00e9s Baqu\u00e9","description":"Los caf\u00e9s de siempre pensados para cada negocio y consumidor. Caf\u00e9s Baqu\u00e9 es l\u00edder en hosteler\u00eda y asegura uniformidad en cada taza de caf\u00e9, gracias al tueste homog\u00e9neo que garantiza al m\u00e1ximo el sabor de cada origen.","robots":{"index":"index","follow":"follow","max-snippet":"max-snippet:-1","max-image-preview":"max-image-preview:large","max-video-preview":"max-video-preview:-1"},"og_locale":"es_ES","og_type":"article","og_title":"Caf\u00e9 para hosteler\u00eda | L\u00edderes en caf\u00e9 para bares y restauraci\u00f3n | Caf\u00e9s Baqu\u00e9","og_description":"Los caf\u00e9s de siempre pensados para cada negocio y consumidor. Caf\u00e9s Baqu\u00e9 es l\u00edder en hosteler\u00eda y asegura uniformidad en cada taza de caf\u00e9, gracias al tueste homog\u00e9neo que garantiza al m\u00e1ximo el sabor de cada origen.","og_url":"https:\/\/www.baque.com\/es\/para-hosteleria\/cafe\/","og_site_name":"Caf\u00e9s Baqu\u00e9","article_modified_time":"2023-12-05T11:52:45+00:00","twitter_card":"summary_large_image","twitter_misc":{"Tiempo de lectura":"13 minutos"},"schema":{"@context":"https:\/\/schema.org","@graph":[{"@type":"WebPage","@id":"https:\/\/www.baque.com\/es\/para-hosteleria\/cafe\/","url":"https:\/\/www.baque.com\/es\/para-hosteleria\/cafe\/","name":"Caf\u00e9 para hosteler\u00eda | L\u00edderes en caf\u00e9 para bares y restauraci\u00f3n | Caf\u00e9s Baqu\u00e9","isPartOf":{"@id":"https:\/\/www.baque.com\/es\/#website"},"datePublished":"2018-02-07T14:03:53+00:00","dateModified":"2023-12-05T11:52:45+00:00","description":"Los caf\u00e9s de siempre pensados para cada negocio y consumidor. Caf\u00e9s Baqu\u00e9 es l\u00edder en hosteler\u00eda y asegura uniformidad en cada taza de caf\u00e9, gracias al tueste homog\u00e9neo que garantiza al m\u00e1ximo el sabor de cada origen.","breadcrumb":{"@id":"https:\/\/www.baque.com\/es\/para-hosteleria\/cafe\/#breadcrumb"},"inLanguage":"es","potentialAction":[{"@type":"ReadAction","target":["https:\/\/www.baque.com\/es\/para-hosteleria\/cafe\/"]}]},{"@type":"BreadcrumbList","@id":"https:\/\/www.baque.com\/es\/para-hosteleria\/cafe\/#breadcrumb","itemListElement":[{"@type":"ListItem","position":1,"name":"Portada","item":"https:\/\/www.baque.com\/es\/"},{"@type":"ListItem","position":2,"name":"Soluciones para tu negocio","item":"https:\/\/www.baque.com\/es\/para-hosteleria\/"},{"@type":"ListItem","position":3,"name":"Caf\u00e9 para hosteler\u00eda"}]},{"@type":"WebSite","@id":"https:\/\/www.baque.com\/es\/#website","url":"https:\/\/www.baque.com\/es\/","name":"Caf\u00e9s Baqu\u00e9","description":"Somos l\u00edderes en hosteler\u00eda en Pa\u00eds Vasco y La Rioja y una de las marcas m\u00e1s reconocidas en el mercado nacional. Somos una empresa familiar en constante innovaci\u00f3n en el producto. Tostamos y distribuimos caf\u00e9 molido, en grano y c\u00e1psulas para disfrutar en casa, en el bar y en la oficina.","potentialAction":[{"@type":"SearchAction","target":{"@type":"EntryPoint","urlTemplate":"https:\/\/www.baque.com\/es\/?s={search_term_string}"},"query-input":{"@type":"PropertyValueSpecification","valueRequired":true,"valueName":"search_term_string"}}],"inLanguage":"es"}]}},"_links":{"self":[{"href":"https:\/\/www.baque.com\/es\/wp-json\/wp\/v2\/pages\/904","targetHints":{"allow":["GET"]}}],"collection":[{"href":"https:\/\/www.baque.com\/es\/wp-json\/wp\/v2\/pages"}],"about":[{"href":"https:\/\/www.baque.com\/es\/wp-json\/wp\/v2\/types\/page"}],"author":[{"embeddable":true,"href":"https:\/\/www.baque.com\/es\/wp-json\/wp\/v2\/users\/1"}],"replies":[{"embeddable":true,"href":"https:\/\/www.baque.com\/es\/wp-json\/wp\/v2\/comments?post=904"}],"version-history":[{"count":68,"href":"https:\/\/www.baque.com\/es\/wp-json\/wp\/v2\/pages\/904\/revisions"}],"predecessor-version":[{"id":1908312,"href":"https:\/\/www.baque.com\/es\/wp-json\/wp\/v2\/pages\/904\/revisions\/1908312"}],"up":[{"embeddable":true,"href":"https:\/\/www.baque.com\/es\/wp-json\/wp\/v2\/pages\/639"}],"wp:attachment":[{"href":"https:\/\/www.baque.com\/es\/wp-json\/wp\/v2\/media?parent=904"}],"curies":[{"name":"wp","href":"https:\/\/api.w.org\/{rel}","templated":true}]}}